{"id":495,"date":"2023-07-13T20:32:28","date_gmt":"2023-07-14T01:32:28","guid":{"rendered":"https:\/\/fraternidadmedellin.org\/?post_type=apoyo-entidades&#038;p=495"},"modified":"2024-03-18T14:30:52","modified_gmt":"2024-03-18T19:30:52","slug":"cultura-y-arte","status":"publish","type":"apoyo-entidades","link":"https:\/\/fraternidadmedellin.org\/en\/apoyo-entidades\/cultura-y-arte\/","title":{"rendered":"Cultura y Arte"},"content":{"rendered":"<ul class=\"wp-block-list\">\n<li>Asociaci\u00f3n Cultural Ballet Metropolitano&nbsp;<\/li>\n\n\n\n<li>Asociaci\u00f3n de Amigos y Voluntarios del Museo de Jeric\u00f3 \u2013 MAJA&nbsp;<\/li>\n\n\n\n<li>Asociaci\u00f3n Medell\u00edn Cultural&nbsp;<\/li>\n\n\n\n<li>Asociaci\u00f3n Peque\u00f1o Teatro de Medell\u00edn&nbsp;<\/li>\n\n\n\n<li>Corporaci\u00f3n Cultural Cantoalegre&nbsp;<\/li>\n\n\n\n<li>Corporaci\u00f3n Coral Estudio Polif\u00f3nico de Medell\u00edn&nbsp;<\/li>\n\n\n\n<li>Corporaci\u00f3n Cultural Canchimalos&nbsp;<\/li>\n\n\n\n<li>Corporaci\u00f3n Cultural Nuestra Gente&nbsp;<\/li>\n\n\n\n<li>Corporaci\u00f3n Cultural Uni\u00f3n Latina&nbsp;<\/li>\n\n\n\n<li>Corporaci\u00f3n Art\u00edstica 4 Elements&nbsp;<\/li>\n\n\n\n<li>Corporaci\u00f3n El Balc\u00f3n de los Artistas&nbsp;<\/li>\n\n\n\n<li>Corporaci\u00f3n Escuela de M\u00fasica de Ciudad Bol\u00edvar&nbsp;<\/li>\n\n\n\n<li>Corporaci\u00f3n Escuela de M\u00fasica de Jard\u00edn&nbsp;<\/li>\n\n\n\n<li>Corporaci\u00f3n Fernando Gonz\u00e1lez Otraparte&nbsp;<\/li>\n\n\n\n<li>Corporaci\u00f3n Museo de Arte Moderno de Medell\u00edn&nbsp;<\/li>\n\n\n\n<li>Corporaci\u00f3n Navegantes&nbsp;<\/li>\n\n\n\n<li>Corporaci\u00f3n Parque Explora&nbsp;<\/li>\n\n\n\n<li>Corporaci\u00f3n Orquesta Filarm\u00f3nica de Medell\u00edn&nbsp;<\/li>\n\n\n\n<li>Corporaci\u00f3n Afrocolombiana Son Bat\u00e1&nbsp;<\/li>\n\n\n\n<li>Fundaci\u00f3n Casa de la Estrategias&nbsp;<\/li>\n\n\n\n<li>Fundaci\u00f3n Casa Museo Maestro Pedro Nel G\u00f3mez&nbsp;<\/li>\n\n\n\n<li>Fundaci\u00f3n Pablo Tob\u00f3n Uribe&nbsp;<\/li>\n\n\n\n<li>Fundaci\u00f3n Prol\u00edrica de Antioquia&nbsp;<\/li>\n\n\n\n<li>Fundaci\u00f3n Comp\u00e1s Urbano&nbsp;<\/li>\n\n\n\n<li>Fundaci\u00f3n Sirenaica&nbsp;<\/li>\n\n\n\n<li>Museo de Antioquia&nbsp;<\/li>\n\n\n\n<li>Orquesta Sinf\u00f3nica de Antioquia&nbsp;<\/li>\n<\/ul>","protected":false},"featured_media":1029,"template":"","meta":[],"class_list":["post-495","apoyo-entidades","type-apoyo-entidades","status-publish","has-post-thumbnail","hentry"],"publishpress_future_workflow_manual_trigger":{"enabledWorkflows":[]},"_links":{"self":[{"href":"https:\/\/fraternidadmedellin.org\/en\/wp-json\/wp\/v2\/apoyo-entidades\/495","targetHints":{"allow":["GET"]}}],"collection":[{"href":"https:\/\/fraternidadmedellin.org\/en\/wp-json\/wp\/v2\/apoyo-entidades"}],"about":[{"href":"https:\/\/fraternidadmedellin.org\/en\/wp-json\/wp\/v2\/types\/apoyo-entidades"}],"wp:featuredmedia":[{"embeddable":true,"href":"https:\/\/fraternidadmedellin.org\/en\/wp-json\/wp\/v2\/media\/1029"}],"wp:attachment":[{"href":"https:\/\/fraternidadmedellin.org\/en\/wp-json\/wp\/v2\/media?parent=495"}],"curies":[{"name":"wp","href":"https:\/\/api.w.org\/{rel}","templated":true}]}}