{"id":6562,"date":"2024-09-13T09:45:13","date_gmt":"2024-09-13T14:45:13","guid":{"rendered":"https:\/\/fraternidadmedellin.org\/?post_type=eventos&#038;p=6562"},"modified":"2024-09-13T11:00:25","modified_gmt":"2024-09-13T16:00:25","slug":"estamos-buscando-lideres","status":"publish","type":"eventos","link":"https:\/\/fraternidadmedellin.org\/en\/eventos\/estamos-buscando-lideres\/","title":{"rendered":"Estamos buscando l\u00edderes\u00a0"},"content":{"rendered":"<p>Un l\u00edder no solo es una\u202fpersona que puede dirigir a un grupo. Es alguien capaz de incidir en las transformaciones sociales; que en su ADN est\u00e9 la capacidad de servir al bien p\u00fablico y promover los intereses de una comunidad o de la sociedad en general.<\/p>\n\n\n\n<p>En Fraternidad Medell\u00edn estamos buscando j\u00f3venes que quieran formarse como l\u00edderes para que, desde su quehacer, su territorio o sus intereses, puedan influenciar, estimular e incentivar a los integrantes para dar lo mejor de cada uno, con el prop\u00f3sito de alcanzar objetivos comunes.<\/p>\n\n\n\n<p>\u00a1Post\u00falate!<\/p>\n\n\n\n<p><strong>Liderario:<\/strong><\/p>\n\n\n\n<p>El\u202fPrograma de Liderazgo P\u00fablico \u2013 LIDERARIO \u2013\u202fnace como una plataforma de conversaci\u00f3n, intercambio y conexi\u00f3n entre l\u00edderes de distintos sectores que integren la pr\u00f3xima generaci\u00f3n de tomadores de decisi\u00f3n de la ciudad, la regi\u00f3n y el pa\u00eds.<\/p>\n\n\n\n<p>Estamos convencidos de la importancia de mantener una din\u00e1mica de progreso por Colombia desde las regiones, una sociedad unida alrededor de objetivos comunes de desarrollo y una nueva generaci\u00f3n de l\u00edderes involucrados de manera proactiva en el debate y la toma de decisiones de impacto p\u00fablico.<\/p>\n\n\n\n<p>Gracias a los aportes de Proantioquia, EAFIT, Argos, Comfama, la Fundaci\u00f3n Fraternidad, la Fundaci\u00f3n Sof\u00eda P\u00e9rez de Soto y Corbeta, en Medell\u00edn y en Antioquia estamos formando l\u00edderes transformativos, interesados en crear lazos y construir proyectos conjuntos.<\/p>\n\n\n\n<p>La metodolog\u00eda del programa incluye sesiones de encuentro presenciales cada 15 d\u00edas en la Universidad EAFIT y espacios de ciudad. Adicionalmente, Liderario cuenta con tres laboratorios territoriales.\u202fEn total, son 8 meses de formaci\u00f3n financiados en su totalidad por los socios gestores del programa.<\/p>\n\n\n\n<p>Conoce toda la informaci\u00f3n sobre el programa y los requisitos para ser parte de \u00e9l ingresando a <a href=\"https:\/\/www.proantioquia.org.co\/liderazgo-publico\" target=\"_blank\" rel=\"noopener\">https:\/\/www.proantioquia.org.co\/liderazgo-publico<\/a>.<\/p>\n\n\n\n<p>A la fecha, y a punto de iniciar con una nueva cohorte, estos son los l\u00edderes formados:<\/p>\n\n\n\n<ol class=\"wp-block-list\">\n<li>Alfredo Ramos\u202f<\/li>\n\n\n\n<li>Andrea V\u00e1squez<\/li>\n\n\n\n<li>Andr\u00e9s Preciado<\/li>\n\n\n\n<li>Camilo Botero Gaviria<\/li>\n\n\n\n<li>Carlos Miguel Correa Tob\u00f3n<\/li>\n\n\n\n<li>Catalina Escobar<\/li>\n\n\n\n<li>Daniel Duque Vel\u00e1squez<\/li>\n\n\n\n<li>Juan David Valderrama L\u00f3pez<\/li>\n\n\n\n<li>Juan Manuel Alzate<\/li>\n\n\n\n<li>Juana Botero<\/li>\n\n\n\n<li>Juli Mej\u00eda<\/li>\n\n\n\n<li>Juli\u00e1n Parra Saldarriaga<\/li>\n\n\n\n<li>Lina Botero Villa<\/li>\n\n\n\n<li>Luisa Fernanda Grajales Hoyos<\/li>\n\n\n\n<li>Maira Alejandra Duque<\/li>\n\n\n\n<li>Manuel Villa Mej\u00eda<\/li>\n\n\n\n<li>Maria Alejandra Gonz\u00e1lez P\u00e9rez<\/li>\n\n\n\n<li>Maria Luisa Zapata Trujillo<\/li>\n\n\n\n<li>Melissa Toro Nieto<\/li>\n\n\n\n<li>Nicol\u00e1s Ord\u00f3\u00f1ez<\/li>\n\n\n\n<li>Pablo Montoya D\u00e1vila<\/li>\n\n\n\n<li>Perla Cecilia Toro Casta\u00f1o<\/li>\n\n\n\n<li>Santiago Londo\u00f1o Uribe<\/li>\n\n\n\n<li>Santiago Silva Jaramillo<\/li>\n\n\n\n<li>Wilmar Andr\u00e9s Mart\u00ednez Valencia<\/li>\n\n\n\n<li>Amalia Londo\u00f1o Duque<\/li>\n\n\n\n<li>Ana Mar\u00eda Gallego Mart\u00ednez<\/li>\n\n\n\n<li>Beatriz Elena Mej\u00eda Restrepo<\/li>\n\n\n\n<li>Camilo Guzm\u00e1n Saenz<\/li>\n\n\n\n<li>Carolina Alzate \u00c1lvarez<\/li>\n\n\n\n<li>Daniel Restrepo Soto<\/li>\n\n\n\n<li>Daniela Baena Salazar<\/li>\n\n\n\n<li>David Gonz\u00e1lez Escobar<\/li>\n\n\n\n<li>Diky Manuel Urrutia Rodr\u00edguez<\/li>\n\n\n\n<li>Eduardo Alfonso Atehort\u00faa Barrero<\/li>\n\n\n\n<li>Elizabeth Zapata Jaramillo<\/li>\n\n\n\n<li>Esteban Mesa Garc\u00eda<\/li>\n\n\n\n<li>Federico Botero Jaramillo<\/li>\n\n\n\n<li>Jaime Alberto Su\u00e1rez S\u00e1nchez<\/li>\n\n\n\n<li>Jes\u00fas Francisco Vargas Bonilla<\/li>\n\n\n\n<li>Jhon Jaime S\u00e1nchez Mosquera<\/li>\n\n\n\n<li>Juan Carlos Tabares Castrill\u00f3n<\/li>\n\n\n\n<li>Juan David Correa Toro<\/li>\n\n\n\n<li>Juan Sebasti\u00e1n Jaramillo Sep\u00falveda<\/li>\n\n\n\n<li>Laura Elena Fl\u00f3rez Hincapi\u00e9<\/li>\n\n\n\n<li>Laura Stefanny Mosquera G\u00f3mez<\/li>\n\n\n\n<li>Lina Marcela L\u00f3pez Montoya<\/li>\n\n\n\n<li>Luis Darley Cuesta Hinestroza<\/li>\n\n\n\n<li>Luisa G\u00f3mez \u00c1ngel<\/li>\n\n\n\n<li>Mar\u00eda Adelaida Vel\u00e1squez<\/li>\n\n\n\n<li>Mar\u00eda Jos\u00e9 Bernal Gaviria<\/li>\n\n\n\n<li>Mart\u00edn Londo\u00f1o Uribe<\/li>\n\n\n\n<li>Paola Andrea Holgu\u00edn Moreno<\/li>\n\n\n\n<li>Pedro Jos\u00e9 Fajardo Uribe<\/li>\n\n\n\n<li>Ricardo Jaramillo V\u00e9lez<\/li>\n\n\n\n<li>Sandra In\u00e9s Zuluaga S\u00e1nchez<\/li>\n\n\n\n<li>Sebasti\u00e1n Restrepo Henao<\/li>\n\n\n\n<li>Valeria Molina G\u00f3mez<\/li>\n\n\n\n<li>V\u00edctor Javier Correa V\u00e9lez<\/li>\n\n\n\n<li>Yoiner Felipe Machado Gonz\u00e1lez<\/li>\n\n\n\n<li>Ana Cathalina Ochoa Yepes<\/li>\n\n\n\n<li>Ana Cristina Moreno Palacios<\/li>\n\n\n\n<li>Andrea Trujillo C\u00e1rdenas<\/li>\n\n\n\n<li>Andr\u00e9s Mauricio Mar\u00edn Correa<\/li>\n\n\n\n<li>Berny Bluman Levy<\/li>\n\n\n\n<li>Carlos Alberto S\u00e1nchez Mosquera (Nen\u00e9)<\/li>\n\n\n\n<li>Carlos Andr\u00e9s Zuluaga Rivillas<\/li>\n\n\n\n<li>Carolina Franco Giraldo\u202f<\/li>\n\n\n\n<li>Cecilia Margarita Baena Guzm\u00e1n (Chechy Baena)<\/li>\n\n\n\n<li>Daniel Carvalho Mej\u00eda<\/li>\n\n\n\n<li>Diana Mar\u00eda Carmona Henao<\/li>\n\n\n\n<li>Gina Marcela Montes P\u00e9rez<\/li>\n\n\n\n<li>Jacobo D. Le\u00f3n Saldarriaga<\/li>\n\n\n\n<li>Jhon Harrinson Palacios S\u00e1nchez<\/li>\n\n\n\n<li>Jos\u00e9 Adalberto Muyuy Mart\u00ednez<\/li>\n\n\n\n<li>Jos\u00e9 Erlin Guerrero Mart\u00ednez<\/li>\n\n\n\n<li>Juan Carlos S\u00e1nchez Restrepo<\/li>\n\n\n\n<li>Juan Eduardo Peraza Moreno<\/li>\n\n\n\n<li>Juan Felipe Valencia Duque<\/li>\n\n\n\n<li>Juan Fernando Espinal Ram\u00edrez<\/li>\n\n\n\n<li>Juan Jos\u00e9 Largo Fern\u00e1ndez<\/li>\n\n\n\n<li>Juan Manuel Lopera Aristiz\u00e1bal<\/li>\n\n\n\n<li>Juan Pablo Duque Arbel\u00e1ez<\/li>\n\n\n\n<li>Juanita Mesa White<\/li>\n\n\n\n<li>Karen Carvajalino Mart\u00ednez<\/li>\n\n\n\n<li>Lina Mar\u00eda Agudelo Guti\u00e9rrez<\/li>\n\n\n\n<li>Luis Eduardo Pel\u00e1ez Jaramillo<\/li>\n\n\n\n<li>Luis Felipe Salazar Llin\u00e1s<\/li>\n\n\n\n<li>Luis Fredy Mej\u00eda Betancur\u202f<\/li>\n\n\n\n<li>Manuela Restrepo Sylva<\/li>\n\n\n\n<li>Marcela Gardeazabal\u202fBaquero<\/li>\n\n\n\n<li>Marcelina L\u00f3pez Santos<\/li>\n\n\n\n<li>Marcelo Jaramillo Ram\u00edrez<\/li>\n\n\n\n<li>Melissa \u00c1lvarez\u202fLicona<\/li>\n\n\n\n<li>Tom\u00e1s R\u00edos M\u00fanera<\/li>\n\n\n\n<li>Viviana Ot\u00e1lvaro Guzm\u00e1n<\/li>\n\n\n\n<li>Paula Andrea Tamayo Casta\u00f1o<\/li>\n<\/ol>","protected":false},"excerpt":{"rendered":"<p>Un l\u00edder no solo es una\u202fpersona que puede dirigir a un grupo. Es alguien capaz de incidir en las transformaciones sociales; que en su ADN est\u00e9 la capacidad de servir al bien p\u00fablico y promover los intereses de una comunidad o de la sociedad en general. En Fraternidad Medell\u00edn estamos buscando j\u00f3venes que quieran formarse [&hellip;]<\/p>\n","protected":false},"featured_media":6572,"template":"","categoria":[18],"class_list":["post-6562","eventos","type-eventos","status-publish","has-post-thumbnail","hentry","categoria-noticia"],"publishpress_future_action":{"enabled":false,"date":"2026-05-07 00:11:09","action":"change-status","newStatus":"draft","terms":[],"taxonomy":"categoria","extraData":[]},"publishpress_future_workflow_manual_trigger":{"enabledWorkflows":[]},"_links":{"self":[{"href":"https:\/\/fraternidadmedellin.org\/en\/wp-json\/wp\/v2\/eventos\/6562","targetHints":{"allow":["GET"]}}],"collection":[{"href":"https:\/\/fraternidadmedellin.org\/en\/wp-json\/wp\/v2\/eventos"}],"about":[{"href":"https:\/\/fraternidadmedellin.org\/en\/wp-json\/wp\/v2\/types\/eventos"}],"version-history":[{"count":1,"href":"https:\/\/fraternidadmedellin.org\/en\/wp-json\/wp\/v2\/eventos\/6562\/revisions"}],"predecessor-version":[{"id":6563,"href":"https:\/\/fraternidadmedellin.org\/en\/wp-json\/wp\/v2\/eventos\/6562\/revisions\/6563"}],"wp:featuredmedia":[{"embeddable":true,"href":"https:\/\/fraternidadmedellin.org\/en\/wp-json\/wp\/v2\/media\/6572"}],"wp:attachment":[{"href":"https:\/\/fraternidadmedellin.org\/en\/wp-json\/wp\/v2\/media?parent=6562"}],"wp:term":[{"taxonomy":"categoria","embeddable":true,"href":"https:\/\/fraternidadmedellin.org\/en\/wp-json\/wp\/v2\/categoria?post=6562"}],"curies":[{"name":"wp","href":"https:\/\/api.w.org\/{rel}","templated":true}]}}