{"id":16,"date":"2023-06-28T09:51:31","date_gmt":"2023-06-28T14:51:31","guid":{"rendered":"https:\/\/fraternidadmedellin.org\/?page_id=16"},"modified":"2024-08-06T16:44:18","modified_gmt":"2024-08-06T21:44:18","slug":"laboratorio-social","status":"publish","type":"page","link":"https:\/\/fraternidadmedellin.org\/en\/laboratorio-social\/","title":{"rendered":"Social Lab"},"content":{"rendered":"\t\t<div data-elementor-type=\"wp-page\" data-elementor-id=\"16\" class=\"elementor elementor-16\" data-elementor-post-type=\"page\">\n\t\t\t\t\t\t<section class=\"elementor-section elementor-top-section elementor-element elementor-element-7678a71 elementor-section-height-min-height elementor-section-content-bottom elementor-section-items-bottom elementor-section-boxed elementor-section-height-default\" data-id=\"7678a71\" data-element_type=\"section\" data-e-type=\"section\" data-settings=\"{&quot;jet_parallax_layout_list&quot;:[],&quot;background_background&quot;:&quot;classic&quot;}\">\n\t\t\t\t\t\t\t<div class=\"elementor-background-overlay\"><\/div>\n\t\t\t\t\t\t\t<div class=\"elementor-container elementor-column-gap-default\">\n\t\t\t\t\t<div class=\"elementor-column elementor-col-100 elementor-top-column elementor-element elementor-element-696dd43\" data-id=\"696dd43\" data-element_type=\"column\" data-e-type=\"column\">\n\t\t\t<div class=\"elementor-widget-wrap elementor-element-populated\">\n\t\t\t\t\t\t<section class=\"elementor-section elementor-inner-section elementor-element elementor-element-62eda0f elementor-section-boxed elementor-section-height-default elementor-section-height-default\" data-id=\"62eda0f\" data-element_type=\"section\" data-e-type=\"section\" data-settings=\"{&quot;jet_parallax_layout_list&quot;:[]}\">\n\t\t\t\t\t\t<div class=\"elementor-container elementor-column-gap-default\">\n\t\t\t\t\t<div class=\"elementor-column elementor-col-100 elementor-inner-column elementor-element elementor-element-d51ef7b\" data-id=\"d51ef7b\" data-element_type=\"column\" data-e-type=\"column\">\n\t\t\t<div class=\"elementor-widget-wrap elementor-element-populated\">\n\t\t\t\t\t\t<div class=\"elementor-element elementor-element-bd85ea1 elementor-widget elementor-widget-heading\" data-id=\"bd85ea1\" data-element_type=\"widget\" data-e-type=\"widget\" data-widget_type=\"heading.default\">\n\t\t\t\t<div class=\"elementor-widget-container\">\n\t\t\t\t\t<h2 class=\"elementor-heading-title elementor-size-default\">Laboratorio Social<\/h2>\t\t\t\t<\/div>\n\t\t\t\t<\/div>\n\t\t\t\t<div class=\"elementor-element elementor-element-5101867 elementor-widget elementor-widget-text-editor\" data-id=\"5101867\" data-element_type=\"widget\" data-e-type=\"widget\" data-widget_type=\"text-editor.default\">\n\t\t\t\t<div class=\"elementor-widget-container\">\n\t\t\t\t\t\t\t\t\tParticipamos en nuevas plataformas y propuestas para abordar los desaf\u00edos sociales, que generen evidencia, que maduren como modelo de intervenci\u00f3n y que sean replicables, para caminar hacia una Antioquia m\u00e1s equitativa y con oportunidades para todos.\t\t\t\t\t\t\t\t<\/div>\n\t\t\t\t<\/div>\n\t\t\t\t\t<\/div>\n\t\t<\/div>\n\t\t\t\t\t<\/div>\n\t\t<\/section>\n\t\t\t\t\t<\/div>\n\t\t<\/div>\n\t\t\t\t\t<\/div>\n\t\t<\/section>\n\t\t<div class=\"elementor-element elementor-element-5abdf50 e-flex e-con-boxed e-con e-parent\" data-id=\"5abdf50\" data-element_type=\"container\" data-e-type=\"container\" data-settings=\"{&quot;jet_parallax_layout_list&quot;:[]}\">\n\t\t\t\t\t<div class=\"e-con-inner\">\n\t\t\t\t<div class=\"elementor-element elementor-element-86175dc elementor-widget elementor-widget-jet-listing-grid\" data-id=\"86175dc\" data-element_type=\"widget\" data-e-type=\"widget\" data-settings=\"{&quot;columns&quot;:&quot;1&quot;}\" data-widget_type=\"jet-listing-grid.default\">\n\t\t\t\t<div class=\"elementor-widget-container\">\n\t\t\t\t\t<div class=\"jet-listing-grid jet-listing\"><div class=\"jet-listing-grid__items grid-col-desk-1 grid-col-tablet-1 grid-col-mobile-1 jet-listing-grid--615\" data-queried-id=\"16|WP_Post\" data-nav=\"{&quot;enabled&quot;:true,&quot;type&quot;:&quot;click&quot;,&quot;more_el&quot;:&quot;#btn-laboratorio-social&quot;,&quot;query&quot;:{&quot;post_status&quot;:[&quot;publish&quot;],&quot;post_type&quot;:&quot;laboratoriosociales&quot;,&quot;posts_per_page&quot;:&quot;6&quot;,&quot;paged&quot;:&quot;1&quot;,&quot;ignore_sticky_posts&quot;:&quot;1&quot;,&quot;order&quot;:&quot;ASC&quot;,&quot;orderby&quot;:&quot;date&quot;,&quot;suppress_filters&quot;:false,&quot;jet_smart_filters&quot;:&quot;jet-engine\\\/default&quot;,&quot;signature&quot;:&quot;d9f62b735d0f0278450b0ef170a17a32de24892511b593a6b8b9a459ff9e4037&quot;},&quot;widget_settings&quot;:{&quot;lisitng_id&quot;:615,&quot;posts_num&quot;:6,&quot;columns&quot;:1,&quot;columns_tablet&quot;:1,&quot;columns_mobile&quot;:1,&quot;column_min_width&quot;:240,&quot;column_min_width_tablet&quot;:240,&quot;column_min_width_mobile&quot;:240,&quot;inline_columns_css&quot;:false,&quot;is_archive_template&quot;:&quot;&quot;,&quot;post_status&quot;:[&quot;publish&quot;],&quot;use_random_posts_num&quot;:&quot;&quot;,&quot;max_posts_num&quot;:9,&quot;not_found_message&quot;:&quot;No data was found&quot;,&quot;is_masonry&quot;:false,&quot;equal_columns_height&quot;:&quot;&quot;,&quot;use_load_more&quot;:&quot;yes&quot;,&quot;load_more_id&quot;:&quot;btn-laboratorio-social&quot;,&quot;load_more_type&quot;:&quot;click&quot;,&quot;load_more_offset&quot;:null,&quot;use_custom_post_types&quot;:&quot;&quot;,&quot;custom_post_types&quot;:[],&quot;hide_widget_if&quot;:&quot;&quot;,&quot;carousel_enabled&quot;:&quot;&quot;,&quot;slides_to_scroll&quot;:&quot;1&quot;,&quot;arrows&quot;:&quot;true&quot;,&quot;arrow_icon&quot;:&quot;fa fa-angle-left&quot;,&quot;dots&quot;:&quot;&quot;,&quot;autoplay&quot;:&quot;true&quot;,&quot;pause_on_hover&quot;:&quot;true&quot;,&quot;autoplay_speed&quot;:5000,&quot;infinite&quot;:&quot;true&quot;,&quot;center_mode&quot;:&quot;&quot;,&quot;effect&quot;:&quot;slide&quot;,&quot;speed&quot;:500,&quot;inject_alternative_items&quot;:&quot;&quot;,&quot;injection_items&quot;:[],&quot;scroll_slider_enabled&quot;:&quot;&quot;,&quot;scroll_slider_on&quot;:[&quot;desktop&quot;,&quot;tablet&quot;,&quot;mobile&quot;],&quot;custom_query&quot;:false,&quot;custom_query_id&quot;:&quot;&quot;,&quot;_element_id&quot;:&quot;&quot;,&quot;collapse_first_last_gap&quot;:false,&quot;list_tag_selection&quot;:&quot;&quot;,&quot;list_items_wrapper_tag&quot;:&quot;div&quot;,&quot;list_item_tag&quot;:&quot;div&quot;,&quot;empty_items_wrapper_tag&quot;:&quot;div&quot;}}\" data-page=\"1\" data-pages=\"2\" data-listing-source=\"posts\" data-listing-id=\"615\" data-query-id=\"\"><div class=\"jet-listing-grid__item jet-listing-dynamic-post-2849\" data-post-id=\"2849\"  >\t\t<div data-elementor-type=\"jet-listing-items\" data-elementor-id=\"615\" class=\"elementor elementor-615\" data-elementor-post-type=\"jet-engine\">\n\t\t\t\t<div class=\"elementor-element elementor-element-381e7a8 e-flex e-con-boxed e-con e-parent\" data-id=\"381e7a8\" data-element_type=\"container\" data-e-type=\"container\" data-settings=\"{&quot;jet_parallax_layout_list&quot;:[]}\">\n\t\t\t\t\t<div class=\"e-con-inner\">\n\t\t<div class=\"elementor-element elementor-element-3eaae6d e-flex e-con-boxed e-con e-parent\" data-id=\"3eaae6d\" data-element_type=\"container\" data-e-type=\"container\" data-settings=\"{&quot;background_background&quot;:&quot;classic&quot;,&quot;jet_parallax_layout_list&quot;:[]}\">\n\t\t\t\t\t<div class=\"e-con-inner\">\n\t\t<div class=\"elementor-element elementor-element-cee18eb e-con-full e-flex e-con e-parent\" data-id=\"cee18eb\" data-element_type=\"container\" data-e-type=\"container\" data-settings=\"{&quot;jet_parallax_layout_list&quot;:[]}\">\n\t\t\t\t<div class=\"elementor-element elementor-element-bfe2e29 elementor-widget elementor-widget-heading\" data-id=\"bfe2e29\" data-element_type=\"widget\" data-e-type=\"widget\" data-widget_type=\"heading.default\">\n\t\t\t\t<div class=\"elementor-widget-container\">\n\t\t\t\t\t<h2 class=\"elementor-heading-title elementor-size-default\">Alianza empresarial por el empleo de mujeres y j\u00f3venes<\/h2>\t\t\t\t<\/div>\n\t\t\t\t<\/div>\n\t\t\t\t<div class=\"elementor-element elementor-element-acf403b elementor-widget elementor-widget-heading\" data-id=\"acf403b\" data-element_type=\"widget\" data-e-type=\"widget\" data-widget_type=\"heading.default\">\n\t\t\t\t<div class=\"elementor-widget-container\">\n\t\t\t\t\t<h2 class=\"elementor-heading-title elementor-size-default\"><p>Iniciativa p\u00fablico-privada que busca conectar a m\u00e1s de 3.000 mujeres y j\u00f3venes con oportunidades de formaci\u00f3n y empleo en sectores con alto potencial de desarrollo: turismo, industrias digitales, restaurantes, bares, hoteles, agroindustria y atenci\u00f3n al cliente.<\/p>\n<\/h2>\t\t\t\t<\/div>\n\t\t\t\t<\/div>\n\t\t\t\t<div class=\"elementor-element elementor-element-1ee86c1 elementor-align-left jedv-enabled--yes elementor-widget elementor-widget-button\" data-id=\"1ee86c1\" data-element_type=\"widget\" data-e-type=\"widget\" data-widget_type=\"button.default\">\n\t\t\t\t<div class=\"elementor-widget-container\">\n\t\t\t\t\t\t\t\t\t<div class=\"elementor-button-wrapper\">\n\t\t\t\t\t<a class=\"elementor-button elementor-button-link elementor-size-sm elementor-animation-pop\" href=\"https:\/\/www.comfama.com\/servicio-de-empleo\/personas\/proyectos-inclusion-laboral\/alianza\/\" target=\"_blank\" rel=\"noopener\">\n\t\t\t\t\t\t<span class=\"elementor-button-content-wrapper\">\n\t\t\t\t\t\t\t\t\t<span class=\"elementor-button-text\">Conoce m\u00e1s aqu\u00ed<\/span>\n\t\t\t\t\t<\/span>\n\t\t\t\t\t<\/a>\n\t\t\t\t<\/div>\n\t\t\t\t\t\t\t\t<\/div>\n\t\t\t\t<\/div>\n\t\t\t\t<\/div>\n\t\t<div class=\"elementor-element elementor-element-c1bb42e e-con-full e-flex e-con e-parent\" data-id=\"c1bb42e\" data-element_type=\"container\" data-e-type=\"container\" data-settings=\"{&quot;jet_parallax_layout_list&quot;:[]}\">\n\t\t\t\t<div class=\"elementor-element elementor-element-84d380b elementor-widget elementor-widget-theme-post-featured-image elementor-widget-image\" data-id=\"84d380b\" data-element_type=\"widget\" data-e-type=\"widget\" data-widget_type=\"theme-post-featured-image.default\">\n\t\t\t\t<div class=\"elementor-widget-container\">\n\t\t\t\t\t\t\t\t\t\t\t\t\t\t\t<img fetchpriority=\"high\" decoding=\"async\" width=\"563\" height=\"461\" src=\"https:\/\/fraternidadmedellin.org\/wp-content\/uploads\/2023\/08\/alianza-empresarial-laboratorio-social-fundaci\u0e02n-fraternidad-medell\u0e01n.jpg\" class=\"attachment-large size-large wp-image-4289\" alt=\"\" srcset=\"https:\/\/fraternidadmedellin.org\/wp-content\/uploads\/2023\/08\/alianza-empresarial-laboratorio-social-fundaci\u0e02n-fraternidad-medell\u0e01n.jpg 563w, https:\/\/fraternidadmedellin.org\/wp-content\/uploads\/2023\/08\/alianza-empresarial-laboratorio-social-fundaci\u0e02n-fraternidad-medell\u0e01n-300x246.jpg 300w\" sizes=\"(max-width: 563px) 100vw, 563px\" \/>\t\t\t\t\t\t\t\t\t\t\t\t\t\t\t<\/div>\n\t\t\t\t<\/div>\n\t\t\t\t<\/div>\n\t\t\t\t\t<\/div>\n\t\t\t\t<\/div>\n\t\t<div class=\"elementor-element elementor-element-8fbf54b jedv-enabled--yes e-flex e-con-boxed e-con e-parent\" data-id=\"8fbf54b\" data-element_type=\"container\" data-e-type=\"container\" data-settings=\"{&quot;jet_parallax_layout_list&quot;:[]}\">\n\t\t\t\t\t<div class=\"e-con-inner\">\n\t\t\t\t<div class=\"elementor-element elementor-element-34a0602 elementor-widget-divider--view-line elementor-widget elementor-widget-divider\" data-id=\"34a0602\" data-element_type=\"widget\" data-e-type=\"widget\" data-widget_type=\"divider.default\">\n\t\t\t\t<div class=\"elementor-widget-container\">\n\t\t\t\t\t\t\t<div class=\"elementor-divider\">\n\t\t\t<span class=\"elementor-divider-separator\">\n\t\t\t\t\t\t<\/span>\n\t\t<\/div>\n\t\t\t\t\t\t<\/div>\n\t\t\t\t<\/div>\n\t\t\t\t\t<\/div>\n\t\t\t\t<\/div>\n\t\t<div class=\"elementor-element elementor-element-f364c46 e-flex e-con-boxed e-con e-parent\" data-id=\"f364c46\" data-element_type=\"container\" data-e-type=\"container\" data-settings=\"{&quot;jet_parallax_layout_list&quot;:[]}\">\n\t\t\t\t\t<div class=\"e-con-inner\">\n\t\t<div class=\"elementor-element elementor-element-561899c e-con-full jedv-enabled--yes e-flex e-con e-parent\" data-id=\"561899c\" data-element_type=\"container\" data-e-type=\"container\" data-settings=\"{&quot;jet_parallax_layout_list&quot;:[]}\">\n\t\t\t\t<div class=\"elementor-element elementor-element-3acb7d3 elementor-widget elementor-widget-text-editor\" data-id=\"3acb7d3\" data-element_type=\"widget\" data-e-type=\"widget\" data-widget_type=\"text-editor.default\">\n\t\t\t\t<div class=\"elementor-widget-container\">\n\t\t\t\t\t\t\t\t\t<p><strong>Aliados:<br \/>\n<\/strong><span style=\"font-weight: 400\">Gobernaci\u00f3n de Antioquia, Alcald\u00eda de Medell\u00edn, Fundaci\u00f3n Sof\u00eda P\u00e9rez de Soto, Grupo Argos, Proantioquia, Fundaci\u00f3n Grupo Bancolombia, Fundaci\u00f3n Bol\u00edvar Davivienda, Fundaci\u00f3n Fraternidad Medell\u00edn.<\/span><\/p>\n\t\t\t\t\t\t\t\t<\/div>\n\t\t\t\t<\/div>\n\t\t\t\t<\/div>\n\t\t<div class=\"elementor-element elementor-element-a7b83b9 jedv-enabled--yes e-flex e-con-boxed e-con e-parent\" data-id=\"a7b83b9\" data-element_type=\"container\" data-e-type=\"container\" data-settings=\"{&quot;jet_parallax_layout_list&quot;:[]}\">\n\t\t\t\t\t<div class=\"e-con-inner\">\n\t\t\t\t<div class=\"elementor-element elementor-element-9b829a0 elementor-widget elementor-widget-text-editor\" data-id=\"9b829a0\" data-element_type=\"widget\" data-e-type=\"widget\" data-widget_type=\"text-editor.default\">\n\t\t\t\t<div class=\"elementor-widget-container\">\n\t\t\t\t\t\t\t\t\t<p><strong>Aliado operador:<br \/>\n<\/strong><span style=\"font-weight: 400\">Comfama.<\/span><\/p>\n\t\t\t\t\t\t\t\t<\/div>\n\t\t\t\t<\/div>\n\t\t\t\t\t<\/div>\n\t\t\t\t<\/div>\n\t\t\t\t\t<\/div>\n\t\t\t\t<\/div>\n\t\t\t\t\t<\/div>\n\t\t\t\t<\/div>\n\t\t\t\t<\/div>\n\t\t<\/div><div class=\"jet-listing-grid__item jet-listing-dynamic-post-3266\" data-post-id=\"3266\"  >\t\t<div data-elementor-type=\"jet-listing-items\" data-elementor-id=\"615\" class=\"elementor elementor-615\" data-elementor-post-type=\"jet-engine\">\n\t\t\t\t<div class=\"elementor-element elementor-element-381e7a8 e-flex e-con-boxed e-con e-parent\" data-id=\"381e7a8\" data-element_type=\"container\" data-e-type=\"container\" data-settings=\"{&quot;jet_parallax_layout_list&quot;:[]}\">\n\t\t\t\t\t<div class=\"e-con-inner\">\n\t\t<div class=\"elementor-element elementor-element-3eaae6d e-flex e-con-boxed e-con e-parent\" data-id=\"3eaae6d\" data-element_type=\"container\" data-e-type=\"container\" data-settings=\"{&quot;background_background&quot;:&quot;classic&quot;,&quot;jet_parallax_layout_list&quot;:[]}\">\n\t\t\t\t\t<div class=\"e-con-inner\">\n\t\t<div class=\"elementor-element elementor-element-cee18eb e-con-full e-flex e-con e-parent\" data-id=\"cee18eb\" data-element_type=\"container\" data-e-type=\"container\" data-settings=\"{&quot;jet_parallax_layout_list&quot;:[]}\">\n\t\t\t\t<div class=\"elementor-element elementor-element-bfe2e29 elementor-widget elementor-widget-heading\" data-id=\"bfe2e29\" data-element_type=\"widget\" data-e-type=\"widget\" data-widget_type=\"heading.default\">\n\t\t\t\t<div class=\"elementor-widget-container\">\n\t\t\t\t\t<h2 class=\"elementor-heading-title elementor-size-default\">Fondo microcr\u00e9dito INTERACTUAR<\/h2>\t\t\t\t<\/div>\n\t\t\t\t<\/div>\n\t\t\t\t<div class=\"elementor-element elementor-element-acf403b elementor-widget elementor-widget-heading\" data-id=\"acf403b\" data-element_type=\"widget\" data-e-type=\"widget\" data-widget_type=\"heading.default\">\n\t\t\t\t<div class=\"elementor-widget-container\">\n\t\t\t\t\t<h2 class=\"elementor-heading-title elementor-size-default\"><p>Creado en el 2021 para la reactivaci\u00f3n econ\u00f3mica de las comunas 3 y 8. Este fondo busca apoyar los emprendimientos barriales de estas zonas de la ciudad, mediante recursos en cr\u00e9dito y formaci\u00f3n, acompa\u00f1amiento y fortalecimiento de los negocios. La Fundaci\u00f3n aport\u00f3 los recursos de constituci\u00f3n del fondo y con esto asume el riesgo del cr\u00e9dito para que este no se traslade a los peque\u00f1os negocios en forma de intereses altos. <\/p>\n<\/h2>\t\t\t\t<\/div>\n\t\t\t\t<\/div>\n\t\t\t\t<\/div>\n\t\t<div class=\"elementor-element elementor-element-c1bb42e e-con-full e-flex e-con e-parent\" data-id=\"c1bb42e\" data-element_type=\"container\" data-e-type=\"container\" data-settings=\"{&quot;jet_parallax_layout_list&quot;:[]}\">\n\t\t\t\t<div class=\"elementor-element elementor-element-84d380b elementor-widget elementor-widget-theme-post-featured-image elementor-widget-image\" data-id=\"84d380b\" data-element_type=\"widget\" data-e-type=\"widget\" data-widget_type=\"theme-post-featured-image.default\">\n\t\t\t\t<div class=\"elementor-widget-container\">\n\t\t\t\t\t\t\t\t\t\t\t\t\t\t\t<img decoding=\"async\" width=\"563\" height=\"461\" src=\"https:\/\/fraternidadmedellin.org\/wp-content\/uploads\/2023\/08\/0625-microcre-laboratorio-social-fundacion-fraternidad.jpg\" class=\"attachment-large size-large wp-image-8226\" alt=\"\" srcset=\"https:\/\/fraternidadmedellin.org\/wp-content\/uploads\/2023\/08\/0625-microcre-laboratorio-social-fundacion-fraternidad.jpg 563w, https:\/\/fraternidadmedellin.org\/wp-content\/uploads\/2023\/08\/0625-microcre-laboratorio-social-fundacion-fraternidad-300x246.jpg 300w, https:\/\/fraternidadmedellin.org\/wp-content\/uploads\/2023\/08\/0625-microcre-laboratorio-social-fundacion-fraternidad-15x12.jpg 15w\" sizes=\"(max-width: 563px) 100vw, 563px\" \/>\t\t\t\t\t\t\t\t\t\t\t\t\t\t\t<\/div>\n\t\t\t\t<\/div>\n\t\t\t\t<\/div>\n\t\t\t\t\t<\/div>\n\t\t\t\t<\/div>\n\t\t<div class=\"elementor-element elementor-element-8fbf54b jedv-enabled--yes e-flex e-con-boxed e-con e-parent\" data-id=\"8fbf54b\" data-element_type=\"container\" data-e-type=\"container\" data-settings=\"{&quot;jet_parallax_layout_list&quot;:[]}\">\n\t\t\t\t\t<div class=\"e-con-inner\">\n\t\t\t\t<div class=\"elementor-element elementor-element-34a0602 elementor-widget-divider--view-line elementor-widget elementor-widget-divider\" data-id=\"34a0602\" data-element_type=\"widget\" data-e-type=\"widget\" data-widget_type=\"divider.default\">\n\t\t\t\t<div class=\"elementor-widget-container\">\n\t\t\t\t\t\t\t<div class=\"elementor-divider\">\n\t\t\t<span class=\"elementor-divider-separator\">\n\t\t\t\t\t\t<\/span>\n\t\t<\/div>\n\t\t\t\t\t\t<\/div>\n\t\t\t\t<\/div>\n\t\t\t\t\t<\/div>\n\t\t\t\t<\/div>\n\t\t<div class=\"elementor-element elementor-element-f364c46 e-flex e-con-boxed e-con e-parent\" data-id=\"f364c46\" data-element_type=\"container\" data-e-type=\"container\" data-settings=\"{&quot;jet_parallax_layout_list&quot;:[]}\">\n\t\t\t\t\t<div class=\"e-con-inner\">\n\t\t<div class=\"elementor-element elementor-element-561899c e-con-full jedv-enabled--yes e-flex e-con e-parent\" data-id=\"561899c\" data-element_type=\"container\" data-e-type=\"container\" data-settings=\"{&quot;jet_parallax_layout_list&quot;:[]}\">\n\t\t\t\t<div class=\"elementor-element elementor-element-3acb7d3 elementor-widget elementor-widget-text-editor\" data-id=\"3acb7d3\" data-element_type=\"widget\" data-e-type=\"widget\" data-widget_type=\"text-editor.default\">\n\t\t\t\t<div class=\"elementor-widget-container\">\n\t\t\t\t\t\t\t\t\t<p><strong>Operador:<br \/>\n<\/strong>Corporaci\u00f3n Interactuar.<\/p>\n\t\t\t\t\t\t\t\t<\/div>\n\t\t\t\t<\/div>\n\t\t\t\t<\/div>\n\t\t\t\t\t<\/div>\n\t\t\t\t<\/div>\n\t\t\t\t\t<\/div>\n\t\t\t\t<\/div>\n\t\t\t\t<\/div>\n\t\t<\/div><div class=\"jet-listing-grid__item jet-listing-dynamic-post-3267\" data-post-id=\"3267\"  >\t\t<div data-elementor-type=\"jet-listing-items\" data-elementor-id=\"615\" class=\"elementor elementor-615\" data-elementor-post-type=\"jet-engine\">\n\t\t\t\t<div class=\"elementor-element elementor-element-381e7a8 e-flex e-con-boxed e-con e-parent\" data-id=\"381e7a8\" data-element_type=\"container\" data-e-type=\"container\" data-settings=\"{&quot;jet_parallax_layout_list&quot;:[]}\">\n\t\t\t\t\t<div class=\"e-con-inner\">\n\t\t<div class=\"elementor-element elementor-element-3eaae6d e-flex e-con-boxed e-con e-parent\" data-id=\"3eaae6d\" data-element_type=\"container\" data-e-type=\"container\" data-settings=\"{&quot;background_background&quot;:&quot;classic&quot;,&quot;jet_parallax_layout_list&quot;:[]}\">\n\t\t\t\t\t<div class=\"e-con-inner\">\n\t\t<div class=\"elementor-element elementor-element-cee18eb e-con-full e-flex e-con e-parent\" data-id=\"cee18eb\" data-element_type=\"container\" data-e-type=\"container\" data-settings=\"{&quot;jet_parallax_layout_list&quot;:[]}\">\n\t\t\t\t<div class=\"elementor-element elementor-element-bfe2e29 elementor-widget elementor-widget-heading\" data-id=\"bfe2e29\" data-element_type=\"widget\" data-e-type=\"widget\" data-widget_type=\"heading.default\">\n\t\t\t\t<div class=\"elementor-widget-container\">\n\t\t\t\t\t<h2 class=\"elementor-heading-title elementor-size-default\">Promotora Cultural de Antioquia<\/h2>\t\t\t\t<\/div>\n\t\t\t\t<\/div>\n\t\t\t\t<div class=\"elementor-element elementor-element-acf403b elementor-widget elementor-widget-heading\" data-id=\"acf403b\" data-element_type=\"widget\" data-e-type=\"widget\" data-widget_type=\"heading.default\">\n\t\t\t\t<div class=\"elementor-widget-container\">\n\t\t\t\t\t<h2 class=\"elementor-heading-title elementor-size-default\"><p>Es un fondo patrimonial especial para la cultura que busca desarrollar acciones para fortalecer las condiciones de sostenibilidad de las organizaciones culturales en el mediano y largo plazo, de manera que cumplan con su misi\u00f3n de formar ciudadan\u00edas culturales para la transformaci\u00f3n social y el desarrollo local. <\/p>\n<\/h2>\t\t\t\t<\/div>\n\t\t\t\t<\/div>\n\t\t\t\t<div class=\"elementor-element elementor-element-1ee86c1 elementor-align-left jedv-enabled--yes elementor-widget elementor-widget-button\" data-id=\"1ee86c1\" data-element_type=\"widget\" data-e-type=\"widget\" data-widget_type=\"button.default\">\n\t\t\t\t<div class=\"elementor-widget-container\">\n\t\t\t\t\t\t\t\t\t<div class=\"elementor-button-wrapper\">\n\t\t\t\t\t<a class=\"elementor-button elementor-button-link elementor-size-sm elementor-animation-pop\" href=\"https:\/\/proantioquia.org.co\/promotora-cultural\/\" target=\"_blank\" rel=\"noopener\">\n\t\t\t\t\t\t<span class=\"elementor-button-content-wrapper\">\n\t\t\t\t\t\t\t\t\t<span class=\"elementor-button-text\">Conoce m\u00e1s aqu\u00ed<\/span>\n\t\t\t\t\t<\/span>\n\t\t\t\t\t<\/a>\n\t\t\t\t<\/div>\n\t\t\t\t\t\t\t\t<\/div>\n\t\t\t\t<\/div>\n\t\t\t\t<\/div>\n\t\t<div class=\"elementor-element elementor-element-c1bb42e e-con-full e-flex e-con e-parent\" data-id=\"c1bb42e\" data-element_type=\"container\" data-e-type=\"container\" data-settings=\"{&quot;jet_parallax_layout_list&quot;:[]}\">\n\t\t\t\t<div class=\"elementor-element elementor-element-84d380b elementor-widget elementor-widget-theme-post-featured-image elementor-widget-image\" data-id=\"84d380b\" data-element_type=\"widget\" data-e-type=\"widget\" data-widget_type=\"theme-post-featured-image.default\">\n\t\t\t\t<div class=\"elementor-widget-container\">\n\t\t\t\t\t\t\t\t\t\t\t\t\t\t\t<img decoding=\"async\" width=\"563\" height=\"461\" src=\"https:\/\/fraternidadmedellin.org\/wp-content\/uploads\/2023\/08\/0625-promotora-laboratorio-social-fundacion-fraternidad.jpg\" class=\"attachment-large size-large wp-image-8228\" alt=\"\" srcset=\"https:\/\/fraternidadmedellin.org\/wp-content\/uploads\/2023\/08\/0625-promotora-laboratorio-social-fundacion-fraternidad.jpg 563w, https:\/\/fraternidadmedellin.org\/wp-content\/uploads\/2023\/08\/0625-promotora-laboratorio-social-fundacion-fraternidad-300x246.jpg 300w, https:\/\/fraternidadmedellin.org\/wp-content\/uploads\/2023\/08\/0625-promotora-laboratorio-social-fundacion-fraternidad-15x12.jpg 15w\" sizes=\"(max-width: 563px) 100vw, 563px\" \/>\t\t\t\t\t\t\t\t\t\t\t\t\t\t\t<\/div>\n\t\t\t\t<\/div>\n\t\t\t\t<\/div>\n\t\t\t\t\t<\/div>\n\t\t\t\t<\/div>\n\t\t<div class=\"elementor-element elementor-element-8fbf54b jedv-enabled--yes e-flex e-con-boxed e-con e-parent\" data-id=\"8fbf54b\" data-element_type=\"container\" data-e-type=\"container\" data-settings=\"{&quot;jet_parallax_layout_list&quot;:[]}\">\n\t\t\t\t\t<div class=\"e-con-inner\">\n\t\t\t\t<div class=\"elementor-element elementor-element-34a0602 elementor-widget-divider--view-line elementor-widget elementor-widget-divider\" data-id=\"34a0602\" data-element_type=\"widget\" data-e-type=\"widget\" data-widget_type=\"divider.default\">\n\t\t\t\t<div class=\"elementor-widget-container\">\n\t\t\t\t\t\t\t<div class=\"elementor-divider\">\n\t\t\t<span class=\"elementor-divider-separator\">\n\t\t\t\t\t\t<\/span>\n\t\t<\/div>\n\t\t\t\t\t\t<\/div>\n\t\t\t\t<\/div>\n\t\t\t\t\t<\/div>\n\t\t\t\t<\/div>\n\t\t<div class=\"elementor-element elementor-element-f364c46 e-flex e-con-boxed e-con e-parent\" data-id=\"f364c46\" data-element_type=\"container\" data-e-type=\"container\" data-settings=\"{&quot;jet_parallax_layout_list&quot;:[]}\">\n\t\t\t\t\t<div class=\"e-con-inner\">\n\t\t<div class=\"elementor-element elementor-element-561899c e-con-full jedv-enabled--yes e-flex e-con e-parent\" data-id=\"561899c\" data-element_type=\"container\" data-e-type=\"container\" data-settings=\"{&quot;jet_parallax_layout_list&quot;:[]}\">\n\t\t\t\t<div class=\"elementor-element elementor-element-3acb7d3 elementor-widget elementor-widget-text-editor\" data-id=\"3acb7d3\" data-element_type=\"widget\" data-e-type=\"widget\" data-widget_type=\"text-editor.default\">\n\t\t\t\t<div class=\"elementor-widget-container\">\n\t\t\t\t\t\t\t\t\t<p><strong>Aportantes al fondo:<br \/>\n<\/strong><span style=\"font-weight: 400\">Comfenalco, Crystal, , ISA, Isag\u00e9n, Londo\u00f1o G\u00f3mez, Muma, Grupo \u00c9xito, Interactuar, Instituto de Cultura y Patrimonio de Antioquia, Gobernaci\u00f3n de Antioquia, Universidad de<br \/>\nAntioquia, Proantioquia, Fundaci\u00f3n Sof\u00eda P\u00e9rez de Soto, Grupo Sura, Fundaci\u00f3n Grupo Bancolombia, Grupo Argos, Grupo Bios, Corbeta, Grupo Nutresa, C\u00e1mara de Comercio,Fundaci\u00f3n Haceb, Mineros Colombia, Comfama, Fundaci\u00f3n Fraternidad Medell\u00edn. <\/span><\/p>\n\t\t\t\t\t\t\t\t<\/div>\n\t\t\t\t<\/div>\n\t\t\t\t<\/div>\n\t\t<div class=\"elementor-element elementor-element-a7b83b9 jedv-enabled--yes e-flex e-con-boxed e-con e-parent\" data-id=\"a7b83b9\" data-element_type=\"container\" data-e-type=\"container\" data-settings=\"{&quot;jet_parallax_layout_list&quot;:[]}\">\n\t\t\t\t\t<div class=\"e-con-inner\">\n\t\t\t\t<div class=\"elementor-element elementor-element-9b829a0 elementor-widget elementor-widget-text-editor\" data-id=\"9b829a0\" data-element_type=\"widget\" data-e-type=\"widget\" data-widget_type=\"text-editor.default\">\n\t\t\t\t<div class=\"elementor-widget-container\">\n\t\t\t\t\t\t\t\t\t<p><span style=\"font-weight: 400\"><strong>Operador:<\/strong><br \/>\nProantioquia.<\/span><\/p>\n\t\t\t\t\t\t\t\t<\/div>\n\t\t\t\t<\/div>\n\t\t\t\t\t<\/div>\n\t\t\t\t<\/div>\n\t\t\t\t\t<\/div>\n\t\t\t\t<\/div>\n\t\t\t\t\t<\/div>\n\t\t\t\t<\/div>\n\t\t\t\t<\/div>\n\t\t<\/div><div class=\"jet-listing-grid__item jet-listing-dynamic-post-3268\" data-post-id=\"3268\"  >\t\t<div data-elementor-type=\"jet-listing-items\" data-elementor-id=\"615\" class=\"elementor elementor-615\" data-elementor-post-type=\"jet-engine\">\n\t\t\t\t<div class=\"elementor-element elementor-element-381e7a8 e-flex e-con-boxed e-con e-parent\" data-id=\"381e7a8\" data-element_type=\"container\" data-e-type=\"container\" data-settings=\"{&quot;jet_parallax_layout_list&quot;:[]}\">\n\t\t\t\t\t<div class=\"e-con-inner\">\n\t\t<div class=\"elementor-element elementor-element-3eaae6d e-flex e-con-boxed e-con e-parent\" data-id=\"3eaae6d\" data-element_type=\"container\" data-e-type=\"container\" data-settings=\"{&quot;background_background&quot;:&quot;classic&quot;,&quot;jet_parallax_layout_list&quot;:[]}\">\n\t\t\t\t\t<div class=\"e-con-inner\">\n\t\t<div class=\"elementor-element elementor-element-cee18eb e-con-full e-flex e-con e-parent\" data-id=\"cee18eb\" data-element_type=\"container\" data-e-type=\"container\" data-settings=\"{&quot;jet_parallax_layout_list&quot;:[]}\">\n\t\t\t\t<div class=\"elementor-element elementor-element-bfe2e29 elementor-widget elementor-widget-heading\" data-id=\"bfe2e29\" data-element_type=\"widget\" data-e-type=\"widget\" data-widget_type=\"heading.default\">\n\t\t\t\t<div class=\"elementor-widget-container\">\n\t\t\t\t\t<h2 class=\"elementor-heading-title elementor-size-default\">Liderario: Liderazgo P\u00fablico<\/h2>\t\t\t\t<\/div>\n\t\t\t\t<\/div>\n\t\t\t\t<div class=\"elementor-element elementor-element-acf403b elementor-widget elementor-widget-heading\" data-id=\"acf403b\" data-element_type=\"widget\" data-e-type=\"widget\" data-widget_type=\"heading.default\">\n\t\t\t\t<div class=\"elementor-widget-container\">\n\t\t\t\t\t<h2 class=\"elementor-heading-title elementor-size-default\"><p><span style=\"font-weight: 400\">Plataforma de formaci\u00f3n, conversaci\u00f3n, intercambio y conexi\u00f3n entre l\u00edderes conscientes de la construcci\u00f3n de lo p\u00fablico, como el mayor reto colectivo para el presente y futuro de la regi\u00f3n. <\/span><\/p>\n<\/h2>\t\t\t\t<\/div>\n\t\t\t\t<\/div>\n\t\t\t\t<div class=\"elementor-element elementor-element-1ee86c1 elementor-align-left jedv-enabled--yes elementor-widget elementor-widget-button\" data-id=\"1ee86c1\" data-element_type=\"widget\" data-e-type=\"widget\" data-widget_type=\"button.default\">\n\t\t\t\t<div class=\"elementor-widget-container\">\n\t\t\t\t\t\t\t\t\t<div class=\"elementor-button-wrapper\">\n\t\t\t\t\t<a class=\"elementor-button elementor-button-link elementor-size-sm elementor-animation-pop\" href=\"https:\/\/proantioquia.org.co\/liderazgo-publico\/\" target=\"_blank\" rel=\"noopener\">\n\t\t\t\t\t\t<span class=\"elementor-button-content-wrapper\">\n\t\t\t\t\t\t\t\t\t<span class=\"elementor-button-text\">Conoce m\u00e1s aqu\u00ed<\/span>\n\t\t\t\t\t<\/span>\n\t\t\t\t\t<\/a>\n\t\t\t\t<\/div>\n\t\t\t\t\t\t\t\t<\/div>\n\t\t\t\t<\/div>\n\t\t\t\t<\/div>\n\t\t<div class=\"elementor-element elementor-element-c1bb42e e-con-full e-flex e-con e-parent\" data-id=\"c1bb42e\" data-element_type=\"container\" data-e-type=\"container\" data-settings=\"{&quot;jet_parallax_layout_list&quot;:[]}\">\n\t\t\t\t<div class=\"elementor-element elementor-element-84d380b elementor-widget elementor-widget-theme-post-featured-image elementor-widget-image\" data-id=\"84d380b\" data-element_type=\"widget\" data-e-type=\"widget\" data-widget_type=\"theme-post-featured-image.default\">\n\t\t\t\t<div class=\"elementor-widget-container\">\n\t\t\t\t\t\t\t\t\t\t\t\t\t\t\t<img loading=\"lazy\" decoding=\"async\" width=\"563\" height=\"461\" src=\"https:\/\/fraternidadmedellin.org\/wp-content\/uploads\/2023\/08\/0625-liderario-laboratorio-social-fundacion-fraternidad.jpg\" class=\"attachment-large size-large wp-image-8231\" alt=\"\" srcset=\"https:\/\/fraternidadmedellin.org\/wp-content\/uploads\/2023\/08\/0625-liderario-laboratorio-social-fundacion-fraternidad.jpg 563w, https:\/\/fraternidadmedellin.org\/wp-content\/uploads\/2023\/08\/0625-liderario-laboratorio-social-fundacion-fraternidad-300x246.jpg 300w, https:\/\/fraternidadmedellin.org\/wp-content\/uploads\/2023\/08\/0625-liderario-laboratorio-social-fundacion-fraternidad-15x12.jpg 15w\" sizes=\"(max-width: 563px) 100vw, 563px\" \/>\t\t\t\t\t\t\t\t\t\t\t\t\t\t\t<\/div>\n\t\t\t\t<\/div>\n\t\t\t\t<\/div>\n\t\t\t\t\t<\/div>\n\t\t\t\t<\/div>\n\t\t<div class=\"elementor-element elementor-element-8fbf54b jedv-enabled--yes e-flex e-con-boxed e-con e-parent\" data-id=\"8fbf54b\" data-element_type=\"container\" data-e-type=\"container\" data-settings=\"{&quot;jet_parallax_layout_list&quot;:[]}\">\n\t\t\t\t\t<div class=\"e-con-inner\">\n\t\t\t\t<div class=\"elementor-element elementor-element-34a0602 elementor-widget-divider--view-line elementor-widget elementor-widget-divider\" data-id=\"34a0602\" data-element_type=\"widget\" data-e-type=\"widget\" data-widget_type=\"divider.default\">\n\t\t\t\t<div class=\"elementor-widget-container\">\n\t\t\t\t\t\t\t<div class=\"elementor-divider\">\n\t\t\t<span class=\"elementor-divider-separator\">\n\t\t\t\t\t\t<\/span>\n\t\t<\/div>\n\t\t\t\t\t\t<\/div>\n\t\t\t\t<\/div>\n\t\t\t\t\t<\/div>\n\t\t\t\t<\/div>\n\t\t<div class=\"elementor-element elementor-element-f364c46 e-flex e-con-boxed e-con e-parent\" data-id=\"f364c46\" data-element_type=\"container\" data-e-type=\"container\" data-settings=\"{&quot;jet_parallax_layout_list&quot;:[]}\">\n\t\t\t\t\t<div class=\"e-con-inner\">\n\t\t<div class=\"elementor-element elementor-element-561899c e-con-full jedv-enabled--yes e-flex e-con e-parent\" data-id=\"561899c\" data-element_type=\"container\" data-e-type=\"container\" data-settings=\"{&quot;jet_parallax_layout_list&quot;:[]}\">\n\t\t\t\t<div class=\"elementor-element elementor-element-3acb7d3 elementor-widget elementor-widget-text-editor\" data-id=\"3acb7d3\" data-element_type=\"widget\" data-e-type=\"widget\" data-widget_type=\"text-editor.default\">\n\t\t\t\t<div class=\"elementor-widget-container\">\n\t\t\t\t\t\t\t\t\t<p><span style=\"font-weight: 400\"><strong>Aliados:<\/strong><br \/>\nComfama, Grupo Argos, Proantioquia, EAFIT, Corbeta, Valor P\u00fablico de Eafit?, Mineros, Fundaci\u00f3n Sof\u00eda P\u00e9rez de Soto, Celsia, C\u00e1mara de Comercio de Medell\u00edn, Fundaci\u00f3n Fraternidad Medell\u00edn.<\/span><\/p>\n\t\t\t\t\t\t\t\t<\/div>\n\t\t\t\t<\/div>\n\t\t\t\t<\/div>\n\t\t<div class=\"elementor-element elementor-element-a7b83b9 jedv-enabled--yes e-flex e-con-boxed e-con e-parent\" data-id=\"a7b83b9\" data-element_type=\"container\" data-e-type=\"container\" data-settings=\"{&quot;jet_parallax_layout_list&quot;:[]}\">\n\t\t\t\t\t<div class=\"e-con-inner\">\n\t\t\t\t<div class=\"elementor-element elementor-element-9b829a0 elementor-widget elementor-widget-text-editor\" data-id=\"9b829a0\" data-element_type=\"widget\" data-e-type=\"widget\" data-widget_type=\"text-editor.default\">\n\t\t\t\t<div class=\"elementor-widget-container\">\n\t\t\t\t\t\t\t\t\t<p><span style=\"font-weight: 400\"><strong>Aliado y operador:<\/strong><br \/>\nProantioquia.<\/span><\/p>\n\t\t\t\t\t\t\t\t<\/div>\n\t\t\t\t<\/div>\n\t\t\t\t\t<\/div>\n\t\t\t\t<\/div>\n\t\t\t\t\t<\/div>\n\t\t\t\t<\/div>\n\t\t\t\t\t<\/div>\n\t\t\t\t<\/div>\n\t\t\t\t<\/div>\n\t\t<\/div><div class=\"jet-listing-grid__item jet-listing-dynamic-post-3270\" data-post-id=\"3270\"  >\t\t<div data-elementor-type=\"jet-listing-items\" data-elementor-id=\"615\" class=\"elementor elementor-615\" data-elementor-post-type=\"jet-engine\">\n\t\t\t\t<div class=\"elementor-element elementor-element-381e7a8 e-flex e-con-boxed e-con e-parent\" data-id=\"381e7a8\" data-element_type=\"container\" data-e-type=\"container\" data-settings=\"{&quot;jet_parallax_layout_list&quot;:[]}\">\n\t\t\t\t\t<div class=\"e-con-inner\">\n\t\t<div class=\"elementor-element elementor-element-3eaae6d e-flex e-con-boxed e-con e-parent\" data-id=\"3eaae6d\" data-element_type=\"container\" data-e-type=\"container\" data-settings=\"{&quot;background_background&quot;:&quot;classic&quot;,&quot;jet_parallax_layout_list&quot;:[]}\">\n\t\t\t\t\t<div class=\"e-con-inner\">\n\t\t<div class=\"elementor-element elementor-element-cee18eb e-con-full e-flex e-con e-parent\" data-id=\"cee18eb\" data-element_type=\"container\" data-e-type=\"container\" data-settings=\"{&quot;jet_parallax_layout_list&quot;:[]}\">\n\t\t\t\t<div class=\"elementor-element elementor-element-bfe2e29 elementor-widget elementor-widget-heading\" data-id=\"bfe2e29\" data-element_type=\"widget\" data-e-type=\"widget\" data-widget_type=\"heading.default\">\n\t\t\t\t<div class=\"elementor-widget-container\">\n\t\t\t\t\t<h2 class=\"elementor-heading-title elementor-size-default\">Proyecto de Desarrollo Rural<\/h2>\t\t\t\t<\/div>\n\t\t\t\t<\/div>\n\t\t\t\t<div class=\"elementor-element elementor-element-acf403b elementor-widget elementor-widget-heading\" data-id=\"acf403b\" data-element_type=\"widget\" data-e-type=\"widget\" data-widget_type=\"heading.default\">\n\t\t\t\t<div class=\"elementor-widget-container\">\n\t\t\t\t\t<h2 class=\"elementor-heading-title elementor-size-default\"><p>Modelo de la Fundaci\u00f3n Aurelio Llano Posada cuyo objetivo es que las personas y familias campesinas construyan un camino al desarrollo rural sostenible a trav\u00e9s de un proceso de planeaci\u00f3n participativa y an\u00e1lisis colectivo del territorio, identificando sus capacidades end\u00f3genas y atendiendo sus debilidades.<br \/>\nCon este modelo hemos estado en las comunidades de San Luis en el municipio de T\u00e1mesis, y en varias comunidades rurales del municipio de Jeric\u00f3. En 2025 se inicia intervenci\u00f3n en la comunidad de La Arabia en el municipio de Venecia. En todas estas comunidades rurales la Fundaci\u00f3n Fraternidad ha llegado con la estrategia de educaci\u00f3n de calidad que ha incluido el mejoramiento completo de la infraestructura educativa. <\/p>\n<\/h2>\t\t\t\t<\/div>\n\t\t\t\t<\/div>\n\t\t\t\t<div class=\"elementor-element elementor-element-1ee86c1 elementor-align-left jedv-enabled--yes elementor-widget elementor-widget-button\" data-id=\"1ee86c1\" data-element_type=\"widget\" data-e-type=\"widget\" data-widget_type=\"button.default\">\n\t\t\t\t<div class=\"elementor-widget-container\">\n\t\t\t\t\t\t\t\t\t<div class=\"elementor-button-wrapper\">\n\t\t\t\t\t<a class=\"elementor-button elementor-button-link elementor-size-sm elementor-animation-pop\" href=\"https:\/\/aureliollano.org.co\/desarrollo-rural-integrado-con-enfoque-territorial-driet\/\" target=\"_blank\" rel=\"noopener\">\n\t\t\t\t\t\t<span class=\"elementor-button-content-wrapper\">\n\t\t\t\t\t\t\t\t\t<span class=\"elementor-button-text\">Conoce m\u00e1s aqu\u00ed<\/span>\n\t\t\t\t\t<\/span>\n\t\t\t\t\t<\/a>\n\t\t\t\t<\/div>\n\t\t\t\t\t\t\t\t<\/div>\n\t\t\t\t<\/div>\n\t\t\t\t<\/div>\n\t\t<div class=\"elementor-element elementor-element-c1bb42e e-con-full e-flex e-con e-parent\" data-id=\"c1bb42e\" data-element_type=\"container\" data-e-type=\"container\" data-settings=\"{&quot;jet_parallax_layout_list&quot;:[]}\">\n\t\t\t\t<div class=\"elementor-element elementor-element-84d380b elementor-widget elementor-widget-theme-post-featured-image elementor-widget-image\" data-id=\"84d380b\" data-element_type=\"widget\" data-e-type=\"widget\" data-widget_type=\"theme-post-featured-image.default\">\n\t\t\t\t<div class=\"elementor-widget-container\">\n\t\t\t\t\t\t\t\t\t\t\t\t\t\t\t<img loading=\"lazy\" decoding=\"async\" width=\"563\" height=\"461\" src=\"https:\/\/fraternidadmedellin.org\/wp-content\/uploads\/2023\/08\/proyecto-desarrollo-rural-laboratorio-social-fundaci\u0e02n-fraternidad-medell\u0e01n.jpg\" class=\"attachment-large size-large wp-image-3975\" alt=\"\" srcset=\"https:\/\/fraternidadmedellin.org\/wp-content\/uploads\/2023\/08\/proyecto-desarrollo-rural-laboratorio-social-fundaci\u0e02n-fraternidad-medell\u0e01n.jpg 563w, https:\/\/fraternidadmedellin.org\/wp-content\/uploads\/2023\/08\/proyecto-desarrollo-rural-laboratorio-social-fundaci\u0e02n-fraternidad-medell\u0e01n-300x246.jpg 300w\" sizes=\"(max-width: 563px) 100vw, 563px\" \/>\t\t\t\t\t\t\t\t\t\t\t\t\t\t\t<\/div>\n\t\t\t\t<\/div>\n\t\t\t\t<\/div>\n\t\t\t\t\t<\/div>\n\t\t\t\t<\/div>\n\t\t<div class=\"elementor-element elementor-element-f364c46 e-flex e-con-boxed e-con e-parent\" data-id=\"f364c46\" data-element_type=\"container\" data-e-type=\"container\" data-settings=\"{&quot;jet_parallax_layout_list&quot;:[]}\">\n\t\t\t\t\t<div class=\"e-con-inner\">\n\t\t\t\t\t<\/div>\n\t\t\t\t<\/div>\n\t\t\t\t\t<\/div>\n\t\t\t\t<\/div>\n\t\t\t\t<\/div>\n\t\t<\/div><div class=\"jet-listing-grid__item jet-listing-dynamic-post-3271\" data-post-id=\"3271\"  >\t\t<div data-elementor-type=\"jet-listing-items\" data-elementor-id=\"615\" class=\"elementor elementor-615\" data-elementor-post-type=\"jet-engine\">\n\t\t\t\t<div class=\"elementor-element elementor-element-381e7a8 e-flex e-con-boxed e-con e-parent\" data-id=\"381e7a8\" data-element_type=\"container\" data-e-type=\"container\" data-settings=\"{&quot;jet_parallax_layout_list&quot;:[]}\">\n\t\t\t\t\t<div class=\"e-con-inner\">\n\t\t<div class=\"elementor-element elementor-element-3eaae6d e-flex e-con-boxed e-con e-parent\" data-id=\"3eaae6d\" data-element_type=\"container\" data-e-type=\"container\" data-settings=\"{&quot;background_background&quot;:&quot;classic&quot;,&quot;jet_parallax_layout_list&quot;:[]}\">\n\t\t\t\t\t<div class=\"e-con-inner\">\n\t\t<div class=\"elementor-element elementor-element-cee18eb e-con-full e-flex e-con e-parent\" data-id=\"cee18eb\" data-element_type=\"container\" data-e-type=\"container\" data-settings=\"{&quot;jet_parallax_layout_list&quot;:[]}\">\n\t\t\t\t<div class=\"elementor-element elementor-element-bfe2e29 elementor-widget elementor-widget-heading\" data-id=\"bfe2e29\" data-element_type=\"widget\" data-e-type=\"widget\" data-widget_type=\"heading.default\">\n\t\t\t\t<div class=\"elementor-widget-container\">\n\t\t\t\t\t<h2 class=\"elementor-heading-title elementor-size-default\">Alianza para el Desarrollo<\/h2>\t\t\t\t<\/div>\n\t\t\t\t<\/div>\n\t\t\t\t<div class=\"elementor-element elementor-element-acf403b elementor-widget elementor-widget-heading\" data-id=\"acf403b\" data-element_type=\"widget\" data-e-type=\"widget\" data-widget_type=\"heading.default\">\n\t\t\t\t<div class=\"elementor-widget-container\">\n\t\t\t\t\t<h2 class=\"elementor-heading-title elementor-size-default\"><p>La Alianza es una estrategia de impacto colectivo, compuesta por m\u00e1s de 23 fundaciones empresariales y\/o familiares con un prop\u00f3sito com\u00fan: ser una fuerza social que transforma territorios, mejora la calidad de vida de comunidades rurales y genera desarrollo sostenible. Juntas, implementan el Programa Desarrollo Integral de Comunidades Sostenibles, que busca la formaci\u00f3n y el desarrollo de comunidades sostenibles con enfoque territorial.<\/p>\n<\/h2>\t\t\t\t<\/div>\n\t\t\t\t<\/div>\n\t\t\t\t<div class=\"elementor-element elementor-element-1ee86c1 elementor-align-left jedv-enabled--yes elementor-widget elementor-widget-button\" data-id=\"1ee86c1\" data-element_type=\"widget\" data-e-type=\"widget\" data-widget_type=\"button.default\">\n\t\t\t\t<div class=\"elementor-widget-container\">\n\t\t\t\t\t\t\t\t\t<div class=\"elementor-button-wrapper\">\n\t\t\t\t\t<a class=\"elementor-button elementor-button-link elementor-size-sm elementor-animation-pop\" href=\"https:\/\/alianzaparaeldesarrollo.org\/\" target=\"_blank\" rel=\"noopener\">\n\t\t\t\t\t\t<span class=\"elementor-button-content-wrapper\">\n\t\t\t\t\t\t\t\t\t<span class=\"elementor-button-text\">Conoce m\u00e1s aqu\u00ed<\/span>\n\t\t\t\t\t<\/span>\n\t\t\t\t\t<\/a>\n\t\t\t\t<\/div>\n\t\t\t\t\t\t\t\t<\/div>\n\t\t\t\t<\/div>\n\t\t\t\t<\/div>\n\t\t<div class=\"elementor-element elementor-element-c1bb42e e-con-full e-flex e-con e-parent\" data-id=\"c1bb42e\" data-element_type=\"container\" data-e-type=\"container\" data-settings=\"{&quot;jet_parallax_layout_list&quot;:[]}\">\n\t\t\t\t<div class=\"elementor-element elementor-element-84d380b elementor-widget elementor-widget-theme-post-featured-image elementor-widget-image\" data-id=\"84d380b\" data-element_type=\"widget\" data-e-type=\"widget\" data-widget_type=\"theme-post-featured-image.default\">\n\t\t\t\t<div class=\"elementor-widget-container\">\n\t\t\t\t\t\t\t\t\t\t\t\t\t\t\t<img loading=\"lazy\" decoding=\"async\" width=\"563\" height=\"461\" src=\"https:\/\/fraternidadmedellin.org\/wp-content\/uploads\/2023\/08\/alianza-para-el-desarrollo-laboratorio-social-fundaci\u0e02n-fraternidad-medell\u0e01n.jpg\" class=\"attachment-large size-large wp-image-4290\" alt=\"\" srcset=\"https:\/\/fraternidadmedellin.org\/wp-content\/uploads\/2023\/08\/alianza-para-el-desarrollo-laboratorio-social-fundaci\u0e02n-fraternidad-medell\u0e01n.jpg 563w, https:\/\/fraternidadmedellin.org\/wp-content\/uploads\/2023\/08\/alianza-para-el-desarrollo-laboratorio-social-fundaci\u0e02n-fraternidad-medell\u0e01n-300x246.jpg 300w\" sizes=\"(max-width: 563px) 100vw, 563px\" \/>\t\t\t\t\t\t\t\t\t\t\t\t\t\t\t<\/div>\n\t\t\t\t<\/div>\n\t\t\t\t<\/div>\n\t\t\t\t\t<\/div>\n\t\t\t\t<\/div>\n\t\t<div class=\"elementor-element elementor-element-8fbf54b jedv-enabled--yes e-flex e-con-boxed e-con e-parent\" data-id=\"8fbf54b\" data-element_type=\"container\" data-e-type=\"container\" data-settings=\"{&quot;jet_parallax_layout_list&quot;:[]}\">\n\t\t\t\t\t<div class=\"e-con-inner\">\n\t\t\t\t<div class=\"elementor-element elementor-element-34a0602 elementor-widget-divider--view-line elementor-widget elementor-widget-divider\" data-id=\"34a0602\" data-element_type=\"widget\" data-e-type=\"widget\" data-widget_type=\"divider.default\">\n\t\t\t\t<div class=\"elementor-widget-container\">\n\t\t\t\t\t\t\t<div class=\"elementor-divider\">\n\t\t\t<span class=\"elementor-divider-separator\">\n\t\t\t\t\t\t<\/span>\n\t\t<\/div>\n\t\t\t\t\t\t<\/div>\n\t\t\t\t<\/div>\n\t\t\t\t\t<\/div>\n\t\t\t\t<\/div>\n\t\t<div class=\"elementor-element elementor-element-f364c46 e-flex e-con-boxed e-con e-parent\" data-id=\"f364c46\" data-element_type=\"container\" data-e-type=\"container\" data-settings=\"{&quot;jet_parallax_layout_list&quot;:[]}\">\n\t\t\t\t\t<div class=\"e-con-inner\">\n\t\t<div class=\"elementor-element elementor-element-561899c e-con-full jedv-enabled--yes e-flex e-con e-parent\" data-id=\"561899c\" data-element_type=\"container\" data-e-type=\"container\" data-settings=\"{&quot;jet_parallax_layout_list&quot;:[]}\">\n\t\t\t\t<div class=\"elementor-element elementor-element-3acb7d3 elementor-widget elementor-widget-text-editor\" data-id=\"3acb7d3\" data-element_type=\"widget\" data-e-type=\"widget\" data-widget_type=\"text-editor.default\">\n\t\t\t\t<div class=\"elementor-widget-container\">\n\t\t\t\t\t\t\t\t\t<p><span style=\"font-weight: 400\"><strong>Aliados:<\/strong><br \/>\nFundaciones Aurelio Llano Posada, Bancolombia, Fundaci\u00f3n Berta Mart\u00ednez, Bol\u00edvar Davivienda, Celsia, Conconcreto, EPM, \u00c9xito, GreenLand, Grupo Bios, Grupo Familia, Haceb, Pintuco, Postob\u00f3n, Proantioquia, Saldarriaga Concha, Sof\u00eda P\u00e9rez de Soto, Sura, United Way Colombia, Unib\u00e1n, la Asociaci\u00f3n de Fundaciones Empresariales y Fundaci\u00f3n Fraternidad Medell\u00edn. <\/span><\/p>\n\t\t\t\t\t\t\t\t<\/div>\n\t\t\t\t<\/div>\n\t\t\t\t<\/div>\n\t\t<div class=\"elementor-element elementor-element-a7b83b9 jedv-enabled--yes e-flex e-con-boxed e-con e-parent\" data-id=\"a7b83b9\" data-element_type=\"container\" data-e-type=\"container\" data-settings=\"{&quot;jet_parallax_layout_list&quot;:[]}\">\n\t\t\t\t\t<div class=\"e-con-inner\">\n\t\t\t\t<div class=\"elementor-element elementor-element-9b829a0 elementor-widget elementor-widget-text-editor\" data-id=\"9b829a0\" data-element_type=\"widget\" data-e-type=\"widget\" data-widget_type=\"text-editor.default\">\n\t\t\t\t<div class=\"elementor-widget-container\">\n\t\t\t\t\t\t\t\t\t<p><span style=\"font-weight: 400\"><strong>Aliados Operador:<\/strong><br \/>\nFundaci\u00f3n Berta Mart\u00ednez.<\/span><\/p>\n\t\t\t\t\t\t\t\t<\/div>\n\t\t\t\t<\/div>\n\t\t\t\t\t<\/div>\n\t\t\t\t<\/div>\n\t\t\t\t\t<\/div>\n\t\t\t\t<\/div>\n\t\t\t\t\t<\/div>\n\t\t\t\t<\/div>\n\t\t\t\t<\/div>\n\t\t<\/div><\/div><\/div>\t\t\t\t<\/div>\n\t\t\t\t<\/div>\n\t\t\t\t\t<\/div>\n\t\t\t\t<\/div>\n\t\t<div class=\"elementor-element elementor-element-a324540 e-flex e-con-boxed e-con e-parent\" data-id=\"a324540\" data-element_type=\"container\" data-e-type=\"container\" data-settings=\"{&quot;jet_parallax_layout_list&quot;:[]}\">\n\t\t\t\t\t<div class=\"e-con-inner\">\n\t\t\t\t<div class=\"elementor-element elementor-element-6f2191a elementor-align-center elementor-widget elementor-widget-button\" data-id=\"6f2191a\" data-element_type=\"widget\" data-e-type=\"widget\" id=\"btn-laboratorio-social\" data-widget_type=\"button.default\">\n\t\t\t\t<div class=\"elementor-widget-container\">\n\t\t\t\t\t\t\t\t\t<div class=\"elementor-button-wrapper\">\n\t\t\t\t\t<a class=\"elementor-button elementor-button-link elementor-size-sm elementor-animation-pop\" href=\"#\">\n\t\t\t\t\t\t<span class=\"elementor-button-content-wrapper\">\n\t\t\t\t\t\t\t\t\t<span class=\"elementor-button-text\">Ver todos<\/span>\n\t\t\t\t\t<\/span>\n\t\t\t\t\t<\/a>\n\t\t\t\t<\/div>\n\t\t\t\t\t\t\t\t<\/div>\n\t\t\t\t<\/div>\n\t\t\t\t\t<\/div>\n\t\t\t\t<\/div>\n\t\t\t\t<\/div>\n\t\t","protected":false},"excerpt":{"rendered":"<p>Laboratorio Social Participamos en nuevas plataformas y propuestas para abordar los desaf\u00edos sociales, que generen evidencia, que maduren como modelo de intervenci\u00f3n y que sean replicables, para caminar hacia una Antioquia m\u00e1s equitativa y con oportunidades para todos. Ver todos<\/p>","protected":false},"author":1,"featured_media":0,"parent":0,"menu_order":0,"comment_status":"closed","ping_status":"closed","template":"","meta":{"footnotes":""},"class_list":["post-16","page","type-page","status-publish","hentry"],"publishpress_future_action":{"enabled":false,"date":"2026-05-05 09:19:05","action":"change-status","newStatus":"draft","terms":[],"taxonomy":"","extraData":[]},"publishpress_future_workflow_manual_trigger":{"enabledWorkflows":[]},"_links":{"self":[{"href":"https:\/\/fraternidadmedellin.org\/en\/wp-json\/wp\/v2\/pages\/16","targetHints":{"allow":["GET"]}}],"collection":[{"href":"https:\/\/fraternidadmedellin.org\/en\/wp-json\/wp\/v2\/pages"}],"about":[{"href":"https:\/\/fraternidadmedellin.org\/en\/wp-json\/wp\/v2\/types\/page"}],"author":[{"embeddable":true,"href":"https:\/\/fraternidadmedellin.org\/en\/wp-json\/wp\/v2\/users\/1"}],"replies":[{"embeddable":true,"href":"https:\/\/fraternidadmedellin.org\/en\/wp-json\/wp\/v2\/comments?post=16"}],"version-history":[{"count":135,"href":"https:\/\/fraternidadmedellin.org\/en\/wp-json\/wp\/v2\/pages\/16\/revisions"}],"predecessor-version":[{"id":6488,"href":"https:\/\/fraternidadmedellin.org\/en\/wp-json\/wp\/v2\/pages\/16\/revisions\/6488"}],"wp:attachment":[{"href":"https:\/\/fraternidadmedellin.org\/en\/wp-json\/wp\/v2\/media?parent=16"}],"curies":[{"name":"wp","href":"https:\/\/api.w.org\/{rel}","templated":true}]}}