{"id":370,"date":"2023-07-12T22:15:27","date_gmt":"2023-07-13T03:15:27","guid":{"rendered":"https:\/\/fraternidadmedellin.org\/?page_id=370"},"modified":"2026-03-26T12:29:33","modified_gmt":"2026-03-26T17:29:33","slug":"organos-de-direccion-y-administracion","status":"publish","type":"page","link":"https:\/\/fraternidadmedellin.org\/en\/fundacion\/organos-de-direccion-y-administracion\/","title":{"rendered":"Management and Administrative Bodies"},"content":{"rendered":"<div data-elementor-type=\"wp-page\" data-elementor-id=\"370\" class=\"elementor elementor-370\" data-elementor-post-type=\"page\">\n\t\t\t\t\t\t<section class=\"elementor-section elementor-top-section elementor-element elementor-element-a5edf53 elementor-section-height-min-height elementor-section-content-middle elementor-section-boxed elementor-section-height-default elementor-section-items-middle\" data-id=\"a5edf53\" data-element_type=\"section\" data-e-type=\"section\" data-settings=\"{&quot;jet_parallax_layout_list&quot;:[],&quot;background_background&quot;:&quot;classic&quot;}\">\n\t\t\t\t\t\t\t<div class=\"elementor-background-overlay\"><\/div>\n\t\t\t\t\t\t\t<div class=\"elementor-container elementor-column-gap-default\">\n\t\t\t\t\t<div class=\"elementor-column elementor-col-100 elementor-top-column elementor-element elementor-element-8b8d2b1\" data-id=\"8b8d2b1\" data-element_type=\"column\" data-e-type=\"column\">\n\t\t\t<div class=\"elementor-widget-wrap elementor-element-populated\">\n\t\t\t\t\t\t<section class=\"elementor-section elementor-inner-section elementor-element elementor-element-054b641 elementor-section-boxed elementor-section-height-default elementor-section-height-default\" data-id=\"054b641\" data-element_type=\"section\" data-e-type=\"section\" data-settings=\"{&quot;jet_parallax_layout_list&quot;:[]}\">\n\t\t\t\t\t\t<div class=\"elementor-container elementor-column-gap-default\">\n\t\t\t\t\t<div class=\"elementor-column elementor-col-100 elementor-inner-column elementor-element elementor-element-9c2ecbd\" data-id=\"9c2ecbd\" data-element_type=\"column\" data-e-type=\"column\">\n\t\t\t<div class=\"elementor-widget-wrap elementor-element-populated\">\n\t\t\t\t\t\t<div class=\"elementor-element elementor-element-69007bd elementor-widget elementor-widget-heading\" data-id=\"69007bd\" data-element_type=\"widget\" data-e-type=\"widget\" data-widget_type=\"heading.default\">\n\t\t\t\t<div class=\"elementor-widget-container\">\n\t\t\t\t\t<h2 class=\"elementor-heading-title elementor-size-default\">Management and Administrative Bodies<\/h2>\t\t\t\t<\/div>\n\t\t\t\t<\/div>\n\t\t\t\t\t<\/div>\n\t\t<\/div>\n\t\t\t\t\t<\/div>\n\t\t<\/section>\n\t\t\t\t\t<\/div>\n\t\t<\/div>\n\t\t\t\t\t<\/div>\n\t\t<\/section>\n\t\t<div class=\"elementor-element elementor-element-c5b37ef e-flex e-con-boxed e-con e-parent\" data-id=\"c5b37ef\" data-element_type=\"container\" data-e-type=\"container\" data-settings=\"{&quot;jet_parallax_layout_list&quot;:[],&quot;background_background&quot;:&quot;classic&quot;}\">\n\t\t\t\t\t<div class=\"e-con-inner\">\n\t\t<div class=\"elementor-element elementor-element-6d889c3 e-con-full e-flex e-con e-child\" data-id=\"6d889c3\" data-element_type=\"container\" data-e-type=\"container\" data-settings=\"{&quot;jet_parallax_layout_list&quot;:[]}\">\n\t\t<div class=\"elementor-element elementor-element-c68dff4 e-con-full e-flex e-con e-child\" data-id=\"c68dff4\" data-element_type=\"container\" data-e-type=\"container\" data-settings=\"{&quot;background_background&quot;:&quot;classic&quot;,&quot;jet_parallax_layout_list&quot;:[]}\">\n\t\t\t\t<div class=\"elementor-element elementor-element-6f28ba9 elementor-widget elementor-widget-heading\" data-id=\"6f28ba9\" data-element_type=\"widget\" data-e-type=\"widget\" data-widget_type=\"heading.default\">\n\t\t\t\t<div class=\"elementor-widget-container\">\n\t\t\t\t\t<h2 class=\"elementor-heading-title elementor-size-default\">Central Council<\/h2>\t\t\t\t<\/div>\n\t\t\t\t<\/div>\n\t\t\t\t<div class=\"elementor-element elementor-element-924d800 elementor-widget elementor-widget-text-editor\" data-id=\"924d800\" data-element_type=\"widget\" data-e-type=\"widget\" data-widget_type=\"text-editor.default\">\n\t\t\t\t<div class=\"elementor-widget-container\">\n\t\t\t\t\t\t\t\t\t<p>Rafael Mej\u00eda Correa<br \/>Miguel Eduardo Navarro Duque<br \/>\u00c1lvaro Londo\u00f1o White<br \/>Gonzalo Restrepo L\u00f3pez<br \/>Jos\u00e9 Alberto V\u00e9lez Cadavid<br \/>Lina Mej\u00eda Correa<br \/>Tatyana Aristiz\u00e1bal Londo\u00f1o<br \/>Gilberto Restrepo V\u00e1squez<br \/>Mauricio Ortega Jaramillo<br \/>Mariana \u00c1ngel Echavarr\u00eda<br \/>Juliana Mej\u00eda Pel\u00e1ez<\/p><p>Sol Beatriz Arango Mesa<\/p><p>Juan Manuel Restrepo Cadavid<\/p><p><span data-olk-copy-source=\"MessageBody\">\u00a0<\/span><\/p>\t\t\t\t\t\t\t\t<\/div>\n\t\t\t\t<\/div>\n\t\t\t\t<\/div>\n\t\t<div class=\"elementor-element elementor-element-6bc2501 e-con-full e-flex e-con e-child\" data-id=\"6bc2501\" data-element_type=\"container\" data-e-type=\"container\" data-settings=\"{&quot;background_background&quot;:&quot;classic&quot;,&quot;jet_parallax_layout_list&quot;:[]}\">\n\t\t\t\t<div class=\"elementor-element elementor-element-0cd02ca elementor-widget elementor-widget-heading\" data-id=\"0cd02ca\" data-element_type=\"widget\" data-e-type=\"widget\" data-widget_type=\"heading.default\">\n\t\t\t\t<div class=\"elementor-widget-container\">\n\t\t\t\t\t<h2 class=\"elementor-heading-title elementor-size-default\">Donations Committee<\/h2>\t\t\t\t<\/div>\n\t\t\t\t<\/div>\n\t\t\t\t<div class=\"elementor-element elementor-element-f7aedd2 elementor-widget elementor-widget-text-editor\" data-id=\"f7aedd2\" data-element_type=\"widget\" data-e-type=\"widget\" data-widget_type=\"text-editor.default\">\n\t\t\t\t<div class=\"elementor-widget-container\">\n\t\t\t\t\t\t\t\t\t<p>Eduardo Navarro Duque<br>\u00c1lvaro Londo\u00f1o White<br>Lina Mej\u00eda Correa<br>Tatyana Aristiz\u00e1bal Londo\u00f1o<br>Juliana Mej\u00eda Pel\u00e1ez<br>Mariana \u00c1ngel Echavarr\u00eda<br>Gilberto Restrepo V\u00e1squez<\/p><p>Juan Manuel Restrepo Cadavid<\/p>\t\t\t\t\t\t\t\t<\/div>\n\t\t\t\t<\/div>\n\t\t\t\t<\/div>\n\t\t\t\t<\/div>\n\t\t<div class=\"elementor-element elementor-element-830a525 e-con-full e-flex e-con e-child\" data-id=\"830a525\" data-element_type=\"container\" data-e-type=\"container\" data-settings=\"{&quot;jet_parallax_layout_list&quot;:[]}\">\n\t\t<div class=\"elementor-element elementor-element-1d15664 e-con-full e-flex e-con e-child\" data-id=\"1d15664\" data-element_type=\"container\" data-e-type=\"container\" data-settings=\"{&quot;background_background&quot;:&quot;classic&quot;,&quot;jet_parallax_layout_list&quot;:[]}\">\n\t\t\t\t<div class=\"elementor-element elementor-element-b487ee5 elementor-widget elementor-widget-heading\" data-id=\"b487ee5\" data-element_type=\"widget\" data-e-type=\"widget\" data-widget_type=\"heading.default\">\n\t\t\t\t<div class=\"elementor-widget-container\">\n\t\t\t\t\t<h2 class=\"elementor-heading-title elementor-size-default\">Scholarships Committee<\/h2>\t\t\t\t<\/div>\n\t\t\t\t<\/div>\n\t\t\t\t<div class=\"elementor-element elementor-element-b4ccde3 elementor-widget elementor-widget-text-editor\" data-id=\"b4ccde3\" data-element_type=\"widget\" data-e-type=\"widget\" data-widget_type=\"text-editor.default\">\n\t\t\t\t<div class=\"elementor-widget-container\">\n\t\t\t\t\t\t\t\t\t<p>Jos\u00e9 Alberto V\u00e9lez Cadavid <br \/>Juliana Mej\u00eda Pel\u00e1ez<br \/>Tatyana Aristiz\u00e1bal Londo\u00f1o <br \/>Mauricio Ortega Jaramillo<\/p>\t\t\t\t\t\t\t\t<\/div>\n\t\t\t\t<\/div>\n\t\t\t\t<\/div>\n\t\t<div class=\"elementor-element elementor-element-713c96e e-con-full e-flex e-con e-child\" data-id=\"713c96e\" data-element_type=\"container\" data-e-type=\"container\" data-settings=\"{&quot;background_background&quot;:&quot;classic&quot;,&quot;jet_parallax_layout_list&quot;:[]}\">\n\t\t\t\t<div class=\"elementor-element elementor-element-4e568c8 elementor-widget elementor-widget-heading\" data-id=\"4e568c8\" data-element_type=\"widget\" data-e-type=\"widget\" data-widget_type=\"heading.default\">\n\t\t\t\t<div class=\"elementor-widget-container\">\n\t\t\t\t\t<h2 class=\"elementor-heading-title elementor-size-default\">Comit\u00e9 Financiero<\/h2>\t\t\t\t<\/div>\n\t\t\t\t<\/div>\n\t\t\t\t<div class=\"elementor-element elementor-element-5adefac elementor-widget elementor-widget-text-editor\" data-id=\"5adefac\" data-element_type=\"widget\" data-e-type=\"widget\" data-widget_type=\"text-editor.default\">\n\t\t\t\t<div class=\"elementor-widget-container\">\n\t\t\t\t\t\t\t\t\t<p data-pm-slice=\"1 1 []\">Rafael Mej\u00eda Correa<br \/>Miguel Eduardo Navarro Duque<br \/>Sol Beatriz Arango Mesa<br \/>\u00c1lvaro Londo\u00f1o White<br \/>Pedro Mej\u00eda Villa (externo)<\/p>\t\t\t\t\t\t\t\t<\/div>\n\t\t\t\t<\/div>\n\t\t\t\t<\/div>\n\t\t\t\t<\/div>\n\t\t<div class=\"elementor-element elementor-element-ed147ec e-con-full e-flex e-con e-child\" data-id=\"ed147ec\" data-element_type=\"container\" data-e-type=\"container\" data-settings=\"{&quot;jet_parallax_layout_list&quot;:[]}\">\n\t\t<div class=\"elementor-element elementor-element-af68030 e-con-full e-flex e-con e-child\" data-id=\"af68030\" data-element_type=\"container\" data-e-type=\"container\" data-settings=\"{&quot;background_background&quot;:&quot;classic&quot;,&quot;jet_parallax_layout_list&quot;:[]}\">\n\t\t\t\t<div class=\"elementor-element elementor-element-7d197c7 elementor-widget elementor-widget-heading\" data-id=\"7d197c7\" data-element_type=\"widget\" data-e-type=\"widget\" data-widget_type=\"heading.default\">\n\t\t\t\t<div class=\"elementor-widget-container\">\n\t\t\t\t\t<h2 class=\"elementor-heading-title elementor-size-default\">Comit\u00e9 de Cooperaci\u00f3n<\/h2>\t\t\t\t<\/div>\n\t\t\t\t<\/div>\n\t\t\t\t<div class=\"elementor-element elementor-element-bc0204d elementor-widget elementor-widget-text-editor\" data-id=\"bc0204d\" data-element_type=\"widget\" data-e-type=\"widget\" data-widget_type=\"text-editor.default\">\n\t\t\t\t<div class=\"elementor-widget-container\">\n\t\t\t\t\t\t\t\t\t<p data-pm-slice=\"1 1 []\">Sol Beatriz Arango mesa<br \/>Mariana \u00c1ngel Echavarr\u00eda<br \/>Mauricio Ortega Jaramillo<\/p>\t\t\t\t\t\t\t\t<\/div>\n\t\t\t\t<\/div>\n\t\t\t\t<\/div>\n\t\t\t\t<\/div>\n\t\t\t\t\t<\/div>\n\t\t\t\t<\/div>\n\t\t<div class=\"elementor-element elementor-element-cd08868 e-flex e-con-boxed e-con e-parent\" data-id=\"cd08868\" data-element_type=\"container\" data-e-type=\"container\" data-settings=\"{&quot;jet_parallax_layout_list&quot;:[]}\">\n\t\t\t\t\t<div class=\"e-con-inner\">\n\t\t<div class=\"elementor-element elementor-element-e4c08ef e-flex e-con-boxed e-con e-child\" data-id=\"e4c08ef\" data-element_type=\"container\" data-e-type=\"container\" data-settings=\"{&quot;jet_parallax_layout_list&quot;:[]}\">\n\t\t\t\t\t<div class=\"e-con-inner\">\n\t\t<div class=\"elementor-element elementor-element-3925274 e-con-full e-flex e-con e-child\" data-id=\"3925274\" data-element_type=\"container\" data-e-type=\"container\" data-settings=\"{&quot;jet_parallax_layout_list&quot;:[]}\">\n\t\t<div class=\"elementor-element elementor-element-1b91558 e-con-full e-flex e-con e-child\" data-id=\"1b91558\" data-element_type=\"container\" data-e-type=\"container\" data-settings=\"{&quot;background_background&quot;:&quot;classic&quot;,&quot;jet_parallax_layout_list&quot;:[]}\">\n\t\t<div class=\"elementor-element elementor-element-5878eaf e-flex e-con-boxed e-con e-child\" data-id=\"5878eaf\" data-element_type=\"container\" data-e-type=\"container\" data-settings=\"{&quot;jet_parallax_layout_list&quot;:[]}\">\n\t\t\t\t\t<div class=\"e-con-inner\">\n\t\t\t\t<div class=\"elementor-element elementor-element-04a5f28 elementor-widget elementor-widget-heading\" data-id=\"04a5f28\" data-element_type=\"widget\" data-e-type=\"widget\" data-widget_type=\"heading.default\">\n\t\t\t\t<div class=\"elementor-widget-container\">\n\t\t\t\t\t<h2 class=\"elementor-heading-title elementor-size-default\">General Management<\/h2>\t\t\t\t<\/div>\n\t\t\t\t<\/div>\n\t\t\t\t<div class=\"elementor-element elementor-element-52bce81 elementor-widget elementor-widget-text-editor\" data-id=\"52bce81\" data-element_type=\"widget\" data-e-type=\"widget\" data-widget_type=\"text-editor.default\">\n\t\t\t\t<div class=\"elementor-widget-container\">\n\t\t\t\t\t\t\t\t\t<p>Magdalena Restrepo Arango,<br \/>Directora <br \/>Viviana G\u00f3mez Gonz\u00e1lez, <span data-olk-copy-source=\"MessageBody\">Coordinadora Administrativa y Financiera<\/span><br \/>Roc\u00edo Elena Torres Posada, Administrative Assistant<\/p>\t\t\t\t\t\t\t\t<\/div>\n\t\t\t\t<\/div>\n\t\t\t\t\t<\/div>\n\t\t\t\t<\/div>\n\t\t<div class=\"elementor-element elementor-element-6087ed3 e-flex e-con-boxed e-con e-child\" data-id=\"6087ed3\" data-element_type=\"container\" data-e-type=\"container\" data-settings=\"{&quot;jet_parallax_layout_list&quot;:[]}\">\n\t\t\t\t\t<div class=\"e-con-inner\">\n\t\t\t\t<div class=\"elementor-element elementor-element-d4dc0e3 elementor-widget elementor-widget-heading\" data-id=\"d4dc0e3\" data-element_type=\"widget\" data-e-type=\"widget\" data-widget_type=\"heading.default\">\n\t\t\t\t<div class=\"elementor-widget-container\">\n\t\t\t\t\t<h2 class=\"elementor-heading-title elementor-size-default\">Project Management Departmen<\/h2>\t\t\t\t<\/div>\n\t\t\t\t<\/div>\n\t\t\t\t<div class=\"elementor-element elementor-element-d73256c elementor-widget elementor-widget-text-editor\" data-id=\"d73256c\" data-element_type=\"widget\" data-e-type=\"widget\" data-widget_type=\"text-editor.default\">\n\t\t\t\t<div class=\"elementor-widget-container\">\n\t\t\t\t\t\t\t\t\t<p>Maribel D\u00edaz P\u00e9rez, Deputy Project Manager<br \/>Danilo Estrada Pimienta, Architect<br \/><span data-olk-copy-source=\"MessageBody\">Maria Clara Correa , Coordinadora de Educaci\u00f3n <br \/>Maria Adelaida Arbel\u00e1ez, Comunicadora<\/span><\/p>\t\t\t\t\t\t\t\t<\/div>\n\t\t\t\t<\/div>\n\t\t\t\t\t<\/div>\n\t\t\t\t<\/div>\n\t\t\t\t<\/div>\n\t\t\t\t<\/div>\n\t\t<div class=\"elementor-element elementor-element-100e371 e-con-full e-flex e-con e-child\" data-id=\"100e371\" data-element_type=\"container\" data-e-type=\"container\" data-settings=\"{&quot;jet_parallax_layout_list&quot;:[]}\">\n\t\t<div class=\"elementor-element elementor-element-b91cbed e-con-full e-flex e-con e-child\" data-id=\"b91cbed\" data-element_type=\"container\" data-e-type=\"container\" data-settings=\"{&quot;background_background&quot;:&quot;classic&quot;,&quot;jet_parallax_layout_list&quot;:[]}\">\n\t\t<div class=\"elementor-element elementor-element-e90a708 e-flex e-con-boxed e-con e-child\" data-id=\"e90a708\" data-element_type=\"container\" data-e-type=\"container\" data-settings=\"{&quot;jet_parallax_layout_list&quot;:[]}\">\n\t\t\t\t\t<div class=\"e-con-inner\">\n\t\t\t\t<div class=\"elementor-element elementor-element-a683c56 elementor-widget elementor-widget-heading\" data-id=\"a683c56\" data-element_type=\"widget\" data-e-type=\"widget\" data-widget_type=\"heading.default\">\n\t\t\t\t<div class=\"elementor-widget-container\">\n\t\t\t\t\t<h2 class=\"elementor-heading-title elementor-size-default\">Beneficiary Support Department<\/h2>\t\t\t\t<\/div>\n\t\t\t\t<\/div>\n\t\t\t\t<div class=\"elementor-element elementor-element-392ec75 elementor-widget elementor-widget-text-editor\" data-id=\"392ec75\" data-element_type=\"widget\" data-e-type=\"widget\" data-widget_type=\"text-editor.default\">\n\t\t\t\t<div class=\"elementor-widget-container\">\n\t\t\t\t\t\t\t\t\t<p>Sandra Patricia Acevedo D\u00edaz, Deputy Director of Beneficiary Support <br \/>Cristina <span data-olk-copy-source=\"MessageBody\">Montejo<\/span> Moreno, <span data-olk-copy-source=\"MessageBody\">Coordinadora de Procesos con Beneficiarios<\/span><\/p>\t\t\t\t\t\t\t\t<\/div>\n\t\t\t\t<\/div>\n\t\t\t\t\t<\/div>\n\t\t\t\t<\/div>\n\t\t\t\t<\/div>\n\t\t\t\t<\/div>\n\t\t\t\t\t<\/div>\n\t\t\t\t<\/div>\n\t\t\t\t\t<\/div>\n\t\t\t\t<\/div>\n\t\t\t\t<\/div>","protected":false},"excerpt":{"rendered":"<p>\u00d3rganos de Direcci\u00f3n y Administraci\u00f3n Consejo Central Rafael Mej\u00eda CorreaMiguel Eduardo Navarro Duque\u00c1lvaro Londo\u00f1o WhiteGonzalo Restrepo L\u00f3pezJos\u00e9 Alberto V\u00e9lez CadavidLina Mej\u00eda CorreaTatyana Aristiz\u00e1bal Londo\u00f1oGilberto Restrepo V\u00e1squezMauricio Ortega JaramilloMariana \u00c1ngel Echavarr\u00edaJuliana Mej\u00eda Pel\u00e1ez Sol Beatriz Arango Mesa Juan Manuel Restrepo Cadavid \u00a0 Comit\u00e9 de Donaciones Eduardo Navarro Duque\u00c1lvaro Londo\u00f1o WhiteLina Mej\u00eda CorreaTatyana Aristiz\u00e1bal Londo\u00f1oJuliana Mej\u00eda Pel\u00e1ezMariana [&hellip;]<\/p>\n","protected":false},"author":1,"featured_media":0,"parent":12,"menu_order":0,"comment_status":"closed","ping_status":"closed","template":"","meta":{"footnotes":""},"class_list":["post-370","page","type-page","status-publish","hentry"],"publishpress_future_action":{"enabled":false,"date":"2026-05-05 10:45:04","action":"change-status","newStatus":"draft","terms":[],"taxonomy":"","extraData":[]},"publishpress_future_workflow_manual_trigger":{"enabledWorkflows":[]},"_links":{"self":[{"href":"https:\/\/fraternidadmedellin.org\/en\/wp-json\/wp\/v2\/pages\/370","targetHints":{"allow":["GET"]}}],"collection":[{"href":"https:\/\/fraternidadmedellin.org\/en\/wp-json\/wp\/v2\/pages"}],"about":[{"href":"https:\/\/fraternidadmedellin.org\/en\/wp-json\/wp\/v2\/types\/page"}],"author":[{"embeddable":true,"href":"https:\/\/fraternidadmedellin.org\/en\/wp-json\/wp\/v2\/users\/1"}],"replies":[{"embeddable":true,"href":"https:\/\/fraternidadmedellin.org\/en\/wp-json\/wp\/v2\/comments?post=370"}],"version-history":[{"count":245,"href":"https:\/\/fraternidadmedellin.org\/en\/wp-json\/wp\/v2\/pages\/370\/revisions"}],"predecessor-version":[{"id":9141,"href":"https:\/\/fraternidadmedellin.org\/en\/wp-json\/wp\/v2\/pages\/370\/revisions\/9141"}],"up":[{"embeddable":true,"href":"https:\/\/fraternidadmedellin.org\/en\/wp-json\/wp\/v2\/pages\/12"}],"wp:attachment":[{"href":"https:\/\/fraternidadmedellin.org\/en\/wp-json\/wp\/v2\/media?parent=370"}],"curies":[{"name":"wp","href":"https:\/\/api.w.org\/{rel}","templated":true}]}}