{"id":696,"date":"2023-07-19T22:49:46","date_gmt":"2023-07-20T03:49:46","guid":{"rendered":"https:\/\/fraternidadmedellin.org\/?page_id=696"},"modified":"2023-08-17T10:52:35","modified_gmt":"2023-08-17T15:52:35","slug":"mejoramiento-de-la-calidad-educativa","status":"publish","type":"page","link":"https:\/\/fraternidadmedellin.org\/en\/educacion-de-calidad\/mejoramiento-de-la-calidad-educativa\/","title":{"rendered":"Improving the Quality of Education"},"content":{"rendered":"\t\t<div data-elementor-type=\"wp-page\" data-elementor-id=\"696\" class=\"elementor elementor-696\" data-elementor-post-type=\"page\">\n\t\t\t\t\t\t<section class=\"elementor-section elementor-top-section elementor-element elementor-element-8c95c06 elementor-section-height-min-height elementor-section-content-middle elementor-section-boxed elementor-section-height-default elementor-section-items-middle\" data-id=\"8c95c06\" data-element_type=\"section\" data-e-type=\"section\" data-settings=\"{&quot;jet_parallax_layout_list&quot;:[],&quot;background_background&quot;:&quot;classic&quot;}\">\n\t\t\t\t\t\t\t<div class=\"elementor-background-overlay\"><\/div>\n\t\t\t\t\t\t\t<div class=\"elementor-container elementor-column-gap-default\">\n\t\t\t\t\t<div class=\"elementor-column elementor-col-100 elementor-top-column elementor-element elementor-element-d3bf315\" data-id=\"d3bf315\" data-element_type=\"column\" data-e-type=\"column\">\n\t\t\t<div class=\"elementor-widget-wrap elementor-element-populated\">\n\t\t\t\t\t\t<section class=\"elementor-section elementor-inner-section elementor-element elementor-element-eea5a16 elementor-section-boxed elementor-section-height-default elementor-section-height-default\" data-id=\"eea5a16\" data-element_type=\"section\" data-e-type=\"section\" data-settings=\"{&quot;jet_parallax_layout_list&quot;:[]}\">\n\t\t\t\t\t\t<div class=\"elementor-container elementor-column-gap-default\">\n\t\t\t\t\t<div class=\"elementor-column elementor-col-100 elementor-inner-column elementor-element elementor-element-0db97e6\" data-id=\"0db97e6\" data-element_type=\"column\" data-e-type=\"column\">\n\t\t\t<div class=\"elementor-widget-wrap elementor-element-populated\">\n\t\t\t\t\t\t<div class=\"elementor-element elementor-element-22e42d8 elementor-widget elementor-widget-heading\" data-id=\"22e42d8\" data-element_type=\"widget\" data-e-type=\"widget\" data-widget_type=\"heading.default\">\n\t\t\t\t<div class=\"elementor-widget-container\">\n\t\t\t\t\t<h2 class=\"elementor-heading-title elementor-size-default\">Mejoramiento de la Calidad Educativa<\/h2>\t\t\t\t<\/div>\n\t\t\t\t<\/div>\n\t\t\t\t<div class=\"elementor-element elementor-element-b66ea33 elementor-widget elementor-widget-text-editor\" data-id=\"b66ea33\" data-element_type=\"widget\" data-e-type=\"widget\" data-widget_type=\"text-editor.default\">\n\t\t\t\t<div class=\"elementor-widget-container\">\n\t\t\t\t\t\t\t\t\tSabemos que la educaci\u00f3n es el mejor camino para apoyar el desarrollo de los municipios y el de sus habitantes. Estamos tocando la vida de m\u00e1s de 37 mil personas con los proyectos que llevamos a las sedes educativas. M\u00e1s sue\u00f1os, m\u00e1s oportunidades.\t\t\t\t\t\t\t\t<\/div>\n\t\t\t\t<\/div>\n\t\t\t\t\t<\/div>\n\t\t<\/div>\n\t\t\t\t\t<\/div>\n\t\t<\/section>\n\t\t\t\t\t<\/div>\n\t\t<\/div>\n\t\t\t\t\t<\/div>\n\t\t<\/section>\n\t\t<div class=\"elementor-element elementor-element-e1f4f1d e-flex e-con-boxed e-con e-parent\" data-id=\"e1f4f1d\" data-element_type=\"container\" data-e-type=\"container\" data-settings=\"{&quot;jet_parallax_layout_list&quot;:[],&quot;background_background&quot;:&quot;classic&quot;}\">\n\t\t\t\t\t<div class=\"e-con-inner\">\n\t\t<div class=\"elementor-element elementor-element-bef93c4 e-con-full e-flex e-con e-parent\" data-id=\"bef93c4\" data-element_type=\"container\" data-e-type=\"container\" data-settings=\"{&quot;jet_parallax_layout_list&quot;:[]}\">\n\t\t<div class=\"elementor-element elementor-element-78e3664 e-con-full e-flex e-con e-parent\" data-id=\"78e3664\" data-element_type=\"container\" data-e-type=\"container\" data-settings=\"{&quot;jet_parallax_layout_list&quot;:[]}\">\n\t\t<div class=\"elementor-element elementor-element-1af149b e-con-full e-flex e-con e-parent\" data-id=\"1af149b\" data-element_type=\"container\" data-e-type=\"container\" data-settings=\"{&quot;jet_parallax_layout_list&quot;:[]}\">\n\t\t\t\t<div class=\"elementor-element elementor-element-da5fbd7 elementor-align-justify elementor-mobile-align-justify elementor-widget elementor-widget-button\" data-id=\"da5fbd7\" data-element_type=\"widget\" data-e-type=\"widget\" data-widget_type=\"button.default\">\n\t\t\t\t<div class=\"elementor-widget-container\">\n\t\t\t\t\t\t\t\t\t<div class=\"elementor-button-wrapper\">\n\t\t\t\t\t<a class=\"elementor-button elementor-button-link elementor-size-sm elementor-animation-pop\" href=\"https:\/\/fraternidadmedellin.org\/educacion-de-calidad\/\">\n\t\t\t\t\t\t<span class=\"elementor-button-content-wrapper\">\n\t\t\t\t\t\t\t\t\t<span class=\"elementor-button-text\">Atr\u00e1s<\/span>\n\t\t\t\t\t<\/span>\n\t\t\t\t\t<\/a>\n\t\t\t\t<\/div>\n\t\t\t\t\t\t\t\t<\/div>\n\t\t\t\t<\/div>\n\t\t\t\t<\/div>\n\t\t<div class=\"elementor-element elementor-element-c7b0da0 e-con-full e-flex e-con e-parent\" data-id=\"c7b0da0\" data-element_type=\"container\" data-e-type=\"container\" data-settings=\"{&quot;jet_parallax_layout_list&quot;:[]}\">\n\t\t\t\t<\/div>\n\t\t<div class=\"elementor-element elementor-element-e952b1e e-con-full e-flex e-con e-parent\" data-id=\"e952b1e\" data-element_type=\"container\" data-e-type=\"container\" data-settings=\"{&quot;jet_parallax_layout_list&quot;:[],&quot;background_background&quot;:&quot;classic&quot;}\">\n\t\t\t\t<\/div>\n\t\t<div class=\"elementor-element elementor-element-0e20a04 e-con-full e-flex e-con e-parent\" data-id=\"0e20a04\" data-element_type=\"container\" data-e-type=\"container\" data-settings=\"{&quot;jet_parallax_layout_list&quot;:[],&quot;background_background&quot;:&quot;classic&quot;}\">\n\t\t\t\t<\/div>\n\t\t\t\t<\/div>\n\t\t\t\t<\/div>\n\t\t\t\t\t<\/div>\n\t\t\t\t<\/div>\n\t\t<div class=\"elementor-element elementor-element-a17b27b e-flex e-con-boxed e-con e-parent\" data-id=\"a17b27b\" data-element_type=\"container\" data-e-type=\"container\" data-settings=\"{&quot;background_background&quot;:&quot;classic&quot;,&quot;jet_parallax_layout_list&quot;:[]}\">\n\t\t\t\t\t<div class=\"e-con-inner\">\n\t\t\t\t\t<\/div>\n\t\t\t\t<\/div>\n\t\t<div class=\"elementor-element elementor-element-121ad14 e-flex e-con-boxed e-con e-parent\" data-id=\"121ad14\" data-element_type=\"container\" data-e-type=\"container\" data-settings=\"{&quot;background_background&quot;:&quot;classic&quot;,&quot;jet_parallax_layout_list&quot;:[]}\">\n\t\t\t\t\t<div class=\"e-con-inner\">\n\t\t<div class=\"elementor-element elementor-element-510656c e-flex e-con-boxed e-con e-parent\" data-id=\"510656c\" data-element_type=\"container\" data-e-type=\"container\" data-settings=\"{&quot;jet_parallax_layout_list&quot;:[]}\">\n\t\t\t\t\t<div class=\"e-con-inner\">\n\t\t\t\t<div class=\"elementor-element elementor-element-3dbad20 elementor-widget elementor-widget-heading\" data-id=\"3dbad20\" data-element_type=\"widget\" data-e-type=\"widget\" data-widget_type=\"heading.default\">\n\t\t\t\t<div class=\"elementor-widget-container\">\n\t\t\t\t\t<h2 class=\"elementor-heading-title elementor-size-default\">Proyectos:<\/h2>\t\t\t\t<\/div>\n\t\t\t\t<\/div>\n\t\t\t\t<div class=\"elementor-element elementor-element-c54855b elementor-widget elementor-widget-jet-listing-grid\" data-id=\"c54855b\" data-element_type=\"widget\" data-e-type=\"widget\" data-settings=\"{&quot;columns&quot;:&quot;1&quot;}\" data-widget_type=\"jet-listing-grid.default\">\n\t\t\t\t<div class=\"elementor-widget-container\">\n\t\t\t\t\t<div class=\"jet-listing-grid jet-listing\"><div class=\"jet-listing-grid__items grid-col-desk-1 grid-col-tablet-1 grid-col-mobile-1 jet-listing-grid--708\" data-queried-id=\"696|WP_Post\" data-nav=\"{&quot;enabled&quot;:true,&quot;type&quot;:&quot;click&quot;,&quot;more_el&quot;:&quot;#btn-listing-mejoramiento-calidad&quot;,&quot;query&quot;:{&quot;post_status&quot;:[&quot;publish&quot;],&quot;post_type&quot;:&quot;educacion-calidad&quot;,&quot;posts_per_page&quot;:&quot;6&quot;,&quot;paged&quot;:&quot;1&quot;,&quot;ignore_sticky_posts&quot;:&quot;1&quot;,&quot;order&quot;:&quot;ASC&quot;,&quot;orderby&quot;:&quot;date&quot;,&quot;suppress_filters&quot;:false,&quot;jet_smart_filters&quot;:&quot;jet-engine\\\/default&quot;,&quot;signature&quot;:&quot;c3da116da7fd062b5070d4994aa037f8817c9c7247710b9ddc76bab3fc298c69&quot;},&quot;widget_settings&quot;:{&quot;lisitng_id&quot;:708,&quot;posts_num&quot;:6,&quot;columns&quot;:1,&quot;columns_tablet&quot;:1,&quot;columns_mobile&quot;:1,&quot;column_min_width&quot;:240,&quot;column_min_width_tablet&quot;:240,&quot;column_min_width_mobile&quot;:240,&quot;inline_columns_css&quot;:false,&quot;is_archive_template&quot;:&quot;&quot;,&quot;post_status&quot;:[&quot;publish&quot;],&quot;use_random_posts_num&quot;:&quot;&quot;,&quot;max_posts_num&quot;:9,&quot;not_found_message&quot;:&quot;No data was found&quot;,&quot;is_masonry&quot;:false,&quot;equal_columns_height&quot;:&quot;&quot;,&quot;use_load_more&quot;:&quot;yes&quot;,&quot;load_more_id&quot;:&quot;btn-listing-mejoramiento-calidad&quot;,&quot;load_more_type&quot;:&quot;click&quot;,&quot;load_more_offset&quot;:null,&quot;use_custom_post_types&quot;:&quot;&quot;,&quot;custom_post_types&quot;:[],&quot;hide_widget_if&quot;:&quot;&quot;,&quot;carousel_enabled&quot;:&quot;&quot;,&quot;slides_to_scroll&quot;:&quot;1&quot;,&quot;arrows&quot;:&quot;true&quot;,&quot;arrow_icon&quot;:&quot;fa fa-angle-left&quot;,&quot;dots&quot;:&quot;&quot;,&quot;autoplay&quot;:&quot;true&quot;,&quot;pause_on_hover&quot;:&quot;true&quot;,&quot;autoplay_speed&quot;:5000,&quot;infinite&quot;:&quot;true&quot;,&quot;center_mode&quot;:&quot;&quot;,&quot;effect&quot;:&quot;slide&quot;,&quot;speed&quot;:500,&quot;inject_alternative_items&quot;:&quot;&quot;,&quot;injection_items&quot;:[],&quot;scroll_slider_enabled&quot;:&quot;&quot;,&quot;scroll_slider_on&quot;:[&quot;desktop&quot;,&quot;tablet&quot;,&quot;mobile&quot;],&quot;custom_query&quot;:false,&quot;custom_query_id&quot;:&quot;&quot;,&quot;_element_id&quot;:&quot;&quot;,&quot;collapse_first_last_gap&quot;:false,&quot;list_tag_selection&quot;:&quot;&quot;,&quot;list_items_wrapper_tag&quot;:&quot;div&quot;,&quot;list_item_tag&quot;:&quot;div&quot;,&quot;empty_items_wrapper_tag&quot;:&quot;div&quot;}}\" data-page=\"1\" data-pages=\"2\" data-listing-source=\"posts\" data-listing-id=\"708\" data-query-id=\"\"><div class=\"jet-listing-grid__item jet-listing-dynamic-post-705\" data-post-id=\"705\"  >\t\t<div data-elementor-type=\"jet-listing-items\" data-elementor-id=\"708\" class=\"elementor elementor-708\" data-elementor-post-type=\"jet-engine\">\n\t\t\t\t<div class=\"elementor-element elementor-element-2eb8329 e-flex e-con-boxed e-con e-parent\" data-id=\"2eb8329\" data-element_type=\"container\" data-e-type=\"container\" data-settings=\"{&quot;background_background&quot;:&quot;classic&quot;,&quot;jet_parallax_layout_list&quot;:[]}\">\n\t\t\t\t\t<div class=\"e-con-inner\">\n\t\t<div class=\"elementor-element elementor-element-5846e57 e-flex e-con-boxed e-con e-parent\" data-id=\"5846e57\" data-element_type=\"container\" data-e-type=\"container\" data-settings=\"{&quot;jet_parallax_layout_list&quot;:[]}\">\n\t\t\t\t\t<div class=\"e-con-inner\">\n\t\t\t\t<div class=\"elementor-element elementor-element-a8fc57b elementor-widget elementor-widget-heading\" data-id=\"a8fc57b\" data-element_type=\"widget\" data-e-type=\"widget\" data-widget_type=\"heading.default\">\n\t\t\t\t<div class=\"elementor-widget-container\">\n\t\t\t\t\t<h2 class=\"elementor-heading-title elementor-size-default\">Alianza por la Educaci\u00f3n Rural en Antioquia \u2013 ERA\u00a0<\/h2>\t\t\t\t<\/div>\n\t\t\t\t<\/div>\n\t\t\t\t<div class=\"elementor-element elementor-element-1fd4e24 elementor-widget elementor-widget-heading\" data-id=\"1fd4e24\" data-element_type=\"widget\" data-e-type=\"widget\" data-widget_type=\"heading.default\">\n\t\t\t\t<div class=\"elementor-widget-container\">\n\t\t\t\t\t<h2 class=\"elementor-heading-title elementor-size-default\"><p>Alianza p\u00fablico-privada conformada por\u202fdiferentes\u202fentidades del departamento con experiencia en educaci\u00f3n y fomento al desarrollo, que busca fortalecer\u202fla educaci\u00f3n p\u00fablica rural en Antioquia, en todos los niveles de formaci\u00f3n, en t\u00e9rminos de cobertura, calidad y pertinencia y as\u00ed contribuir al desarrollo social y econ\u00f3mico de las comunidades en sus territorios.\u202f <\/p>\n<p><strong>Sedes Educativas 2025:<\/strong> 749 <\/p>\n<p><strong>Municipios 2025:<\/strong> 29 <\/p>\n<p><strong>Estudiantes 2025:<\/strong> 31.066 <\/p>\n<p><strong>Docentes 2025:<\/strong> 1698 <\/p>\n<p><strong>Aliado operador:<\/strong> Fundaci\u00f3n Secretos para contar.\u202f <\/p>\n<p><strong>Otros aliados:<\/strong>\u202fGobernaci\u00f3n de Antioquia, Comfama, Proantioquia, Fundaciones Sof\u00eda P\u00e9rez\u202fde Soto, Fundaci\u00f3n Sura, Fundaci\u00f3n Grupo Bancolombia, Fundaci\u00f3n Postob\u00f3n, Fundaci\u00f3n Aurelio Llano Posada, Fundaci\u00f3n Unib\u00e1n, Fundaci\u00f3n Haceb, Fundaci\u00f3n GreenLand, MUV, Mineros, Cooperativa Financiera Cotrafa, Comfenalco Antioquia, Celsia, Comit\u00e9 de Cafeteros de Antioquia, Fundaci\u00f3n Luker, Interactuar. Fundaci\u00f3n Saldarriaga Concha, Colombia Evidencia Potencial en Educaci\u00f3n, Laboratorio de Evidencia, CESDE, IU Colegio Mayor de Antioquia, Universidad CES, IU Pascual Bravo, Unilasallista, Universidad EAFIT, Universidad de Antioquia, Instituto T\u00e9cnico Unib\u00e1n, Asus, Corbeta, Familia Soto Garc\u00eda, Familia Urdaneta Mej\u00eda, Hewlett Packard y Lenovo. <\/p>\n<\/h2>\t\t\t\t<\/div>\n\t\t\t\t<\/div>\n\t\t\t\t<div class=\"elementor-element elementor-element-115813c elementor-align-left jedv-enabled--yes elementor-widget elementor-widget-button\" data-id=\"115813c\" data-element_type=\"widget\" data-e-type=\"widget\" data-widget_type=\"button.default\">\n\t\t\t\t<div class=\"elementor-widget-container\">\n\t\t\t\t\t\t\t\t\t<div class=\"elementor-button-wrapper\">\n\t\t\t\t\t<a class=\"elementor-button elementor-button-link elementor-size-sm elementor-animation-pop\" href=\"https:\/\/alianzaera.org\/\" target=\"_blank\" rel=\"noopener\">\n\t\t\t\t\t\t<span class=\"elementor-button-content-wrapper\">\n\t\t\t\t\t\t\t\t\t<span class=\"elementor-button-text\">Ver m\u00e1s<\/span>\n\t\t\t\t\t<\/span>\n\t\t\t\t\t<\/a>\n\t\t\t\t<\/div>\n\t\t\t\t\t\t\t\t<\/div>\n\t\t\t\t<\/div>\n\t\t\t\t\t<\/div>\n\t\t\t\t<\/div>\n\t\t<div class=\"elementor-element elementor-element-dac04b2 e-flex e-con-boxed e-con e-parent\" data-id=\"dac04b2\" data-element_type=\"container\" data-e-type=\"container\" data-settings=\"{&quot;jet_parallax_layout_list&quot;:[]}\">\n\t\t\t\t\t<div class=\"e-con-inner\">\n\t\t\t\t<div class=\"elementor-element elementor-element-022ef39 elementor-widget elementor-widget-image\" data-id=\"022ef39\" data-element_type=\"widget\" data-e-type=\"widget\" data-widget_type=\"image.default\">\n\t\t\t\t<div class=\"elementor-widget-container\">\n\t\t\t\t\t\t\t\t\t\t\t\t\t\t\t<img fetchpriority=\"high\" decoding=\"async\" width=\"563\" height=\"653\" src=\"https:\/\/fraternidadmedellin.org\/wp-content\/uploads\/2023\/07\/alianza-era-educaci\u0e02n-de-calidad-fundaci\u0e02n-fraternidad-medell\u0e01n.jpg\" class=\"attachment-large size-large wp-image-4193\" alt=\"\" srcset=\"https:\/\/fraternidadmedellin.org\/wp-content\/uploads\/2023\/07\/alianza-era-educaci\u0e02n-de-calidad-fundaci\u0e02n-fraternidad-medell\u0e01n.jpg 563w, https:\/\/fraternidadmedellin.org\/wp-content\/uploads\/2023\/07\/alianza-era-educaci\u0e02n-de-calidad-fundaci\u0e02n-fraternidad-medell\u0e01n-259x300.jpg 259w\" sizes=\"(max-width: 563px) 100vw, 563px\" \/>\t\t\t\t\t\t\t\t\t\t\t\t\t\t\t<\/div>\n\t\t\t\t<\/div>\n\t\t\t\t\t<\/div>\n\t\t\t\t<\/div>\n\t\t\t\t\t<\/div>\n\t\t\t\t<\/div>\n\t\t\t\t<\/div>\n\t\t<\/div><div class=\"jet-listing-grid__item jet-listing-dynamic-post-706\" data-post-id=\"706\"  >\t\t<div data-elementor-type=\"jet-listing-items\" data-elementor-id=\"708\" class=\"elementor elementor-708\" data-elementor-post-type=\"jet-engine\">\n\t\t\t\t<div class=\"elementor-element elementor-element-2eb8329 e-flex e-con-boxed e-con e-parent\" data-id=\"2eb8329\" data-element_type=\"container\" data-e-type=\"container\" data-settings=\"{&quot;background_background&quot;:&quot;classic&quot;,&quot;jet_parallax_layout_list&quot;:[]}\">\n\t\t\t\t\t<div class=\"e-con-inner\">\n\t\t<div class=\"elementor-element elementor-element-5846e57 e-flex e-con-boxed e-con e-parent\" data-id=\"5846e57\" data-element_type=\"container\" data-e-type=\"container\" data-settings=\"{&quot;jet_parallax_layout_list&quot;:[]}\">\n\t\t\t\t\t<div class=\"e-con-inner\">\n\t\t\t\t<div class=\"elementor-element elementor-element-a8fc57b elementor-widget elementor-widget-heading\" data-id=\"a8fc57b\" data-element_type=\"widget\" data-e-type=\"widget\" data-widget_type=\"heading.default\">\n\t\t\t\t<div class=\"elementor-widget-container\">\n\t\t\t\t\t<h2 class=\"elementor-heading-title elementor-size-default\">Alianza por la Educaci\u00f3n con Calidad y Equidad\u00a0<\/h2>\t\t\t\t<\/div>\n\t\t\t\t<\/div>\n\t\t\t\t<div class=\"elementor-element elementor-element-1fd4e24 elementor-widget elementor-widget-heading\" data-id=\"1fd4e24\" data-element_type=\"widget\" data-e-type=\"widget\" data-widget_type=\"heading.default\">\n\t\t\t\t<div class=\"elementor-widget-container\">\n\t\t\t\t\t<h2 class=\"elementor-heading-title elementor-size-default\"><p>El Programa Alianza por la Educaci\u00f3n con Calidad y Equidad es una iniciativa orientada a fortalecer la calidad educativa en Antioquia. A trav\u00e9s de la implementaci\u00f3n de modelos pedag\u00f3gicos enfocados en la equidad y el cierre de brechas, promueve una educaci\u00f3n contextualizada, colaborativa y pertinente para los territorios. Su prop\u00f3sito central es mejorar los procesos de ense\u00f1anza y aprendizaje de estudiantes y docentes.  <\/p>\n<p>En la actualidad, la Alianza trabaja en el oriente antioque\u00f1o en la implementaci\u00f3n del programa Aprendamos todos a leer (ATAL) cuyo objetivo es contribuir a la reducci\u00f3n de la pobreza de aprendizaje en estudiantes de educaci\u00f3n b\u00e1sica, enfoc\u00e1ndose en el desarrollo de competencias en el \u00e1rea de lenguaje mediante el m\u00e9todo fon\u00e9tico y metodolog\u00edas activas. <\/p>\n<p><strong>Sedes Educativas 2025:<\/strong> 17 <\/p>\n<p><strong>Municipios 2025:<\/strong> 6 <\/p>\n<p><strong>Estudiantes 2025:<\/strong> 1.547 <\/p>\n<p><strong>Docentes 2025:<\/strong> 132 <\/p>\n<p><strong>Aliado operador:<\/strong>\u202fCentro de Ciencia y Tecnolog\u00eda de Antioquia - CTA. <\/p>\n<\/h2>\t\t\t\t<\/div>\n\t\t\t\t<\/div>\n\t\t\t\t<div class=\"elementor-element elementor-element-115813c elementor-align-left jedv-enabled--yes elementor-widget elementor-widget-button\" data-id=\"115813c\" data-element_type=\"widget\" data-e-type=\"widget\" data-widget_type=\"button.default\">\n\t\t\t\t<div class=\"elementor-widget-container\">\n\t\t\t\t\t\t\t\t\t<div class=\"elementor-button-wrapper\">\n\t\t\t\t\t<a class=\"elementor-button elementor-button-link elementor-size-sm elementor-animation-pop\" href=\"https:\/\/modeloalianza.org.co\/\" target=\"_blank\" rel=\"noopener\">\n\t\t\t\t\t\t<span class=\"elementor-button-content-wrapper\">\n\t\t\t\t\t\t\t\t\t<span class=\"elementor-button-text\">Ver m\u00e1s<\/span>\n\t\t\t\t\t<\/span>\n\t\t\t\t\t<\/a>\n\t\t\t\t<\/div>\n\t\t\t\t\t\t\t\t<\/div>\n\t\t\t\t<\/div>\n\t\t\t\t\t<\/div>\n\t\t\t\t<\/div>\n\t\t<div class=\"elementor-element elementor-element-dac04b2 e-flex e-con-boxed e-con e-parent\" data-id=\"dac04b2\" data-element_type=\"container\" data-e-type=\"container\" data-settings=\"{&quot;jet_parallax_layout_list&quot;:[]}\">\n\t\t\t\t\t<div class=\"e-con-inner\">\n\t\t\t\t<div class=\"elementor-element elementor-element-022ef39 elementor-widget elementor-widget-image\" data-id=\"022ef39\" data-element_type=\"widget\" data-e-type=\"widget\" data-widget_type=\"image.default\">\n\t\t\t\t<div class=\"elementor-widget-container\">\n\t\t\t\t\t\t\t\t\t\t\t\t\t\t\t<img decoding=\"async\" width=\"563\" height=\"377\" src=\"https:\/\/fraternidadmedellin.org\/wp-content\/uploads\/2023\/07\/alianza-mepe-educacion-de-calidad-fundacion-fraternidad-medellin.jpg\" class=\"attachment-large size-large wp-image-4026\" alt=\"\" srcset=\"https:\/\/fraternidadmedellin.org\/wp-content\/uploads\/2023\/07\/alianza-mepe-educacion-de-calidad-fundacion-fraternidad-medellin.jpg 563w, https:\/\/fraternidadmedellin.org\/wp-content\/uploads\/2023\/07\/alianza-mepe-educacion-de-calidad-fundacion-fraternidad-medellin-300x201.jpg 300w\" sizes=\"(max-width: 563px) 100vw, 563px\" \/>\t\t\t\t\t\t\t\t\t\t\t\t\t\t\t<\/div>\n\t\t\t\t<\/div>\n\t\t\t\t\t<\/div>\n\t\t\t\t<\/div>\n\t\t\t\t\t<\/div>\n\t\t\t\t<\/div>\n\t\t\t\t<\/div>\n\t\t<\/div><div class=\"jet-listing-grid__item jet-listing-dynamic-post-707\" data-post-id=\"707\"  >\t\t<div data-elementor-type=\"jet-listing-items\" data-elementor-id=\"708\" class=\"elementor elementor-708\" data-elementor-post-type=\"jet-engine\">\n\t\t\t\t<div class=\"elementor-element elementor-element-2eb8329 e-flex e-con-boxed e-con e-parent\" data-id=\"2eb8329\" data-element_type=\"container\" data-e-type=\"container\" data-settings=\"{&quot;background_background&quot;:&quot;classic&quot;,&quot;jet_parallax_layout_list&quot;:[]}\">\n\t\t\t\t\t<div class=\"e-con-inner\">\n\t\t<div class=\"elementor-element elementor-element-5846e57 e-flex e-con-boxed e-con e-parent\" data-id=\"5846e57\" data-element_type=\"container\" data-e-type=\"container\" data-settings=\"{&quot;jet_parallax_layout_list&quot;:[]}\">\n\t\t\t\t\t<div class=\"e-con-inner\">\n\t\t\t\t<div class=\"elementor-element elementor-element-a8fc57b elementor-widget elementor-widget-heading\" data-id=\"a8fc57b\" data-element_type=\"widget\" data-e-type=\"widget\" data-widget_type=\"heading.default\">\n\t\t\t\t<div class=\"elementor-widget-container\">\n\t\t\t\t\t<h2 class=\"elementor-heading-title elementor-size-default\">Conectividad en las escuelas<\/h2>\t\t\t\t<\/div>\n\t\t\t\t<\/div>\n\t\t\t\t<div class=\"elementor-element elementor-element-1fd4e24 elementor-widget elementor-widget-heading\" data-id=\"1fd4e24\" data-element_type=\"widget\" data-e-type=\"widget\" data-widget_type=\"heading.default\">\n\t\t\t\t<div class=\"elementor-widget-container\">\n\t\t\t\t\t<h2 class=\"elementor-heading-title elementor-size-default\"><p>A trav\u00e9s de esta estrategia brindamos conexi\u00f3n a internet en 16 instituciones educativas rurales de 12 municipios de las subregiones de Oriente, Suroeste y Urab\u00e1, en Antioquia. En algunas de estas instituciones desarrollamos el programa AlfaTIC en alianza con la Fundaci\u00f3n Internet Society (ISOC).<br \/>\n<strong><br \/>\nSedes Educativas 2025:<\/strong> 16 <\/p>\n<p><strong>Municipios 2025:<\/strong> 12 <\/p>\n<p><strong>Estudiantes 2025:<\/strong> 2.273 <\/p>\n<p><strong>Docentes 2025:<\/strong> 100 aproximadamente <\/p>\n<p><strong>Aliado operador:<\/strong>\u202fCentro de Ciencia y Tecnolog\u00eda de Antioquia - CTA. <\/p>\n<\/h2>\t\t\t\t<\/div>\n\t\t\t\t<\/div>\n\t\t\t\t\t<\/div>\n\t\t\t\t<\/div>\n\t\t<div class=\"elementor-element elementor-element-dac04b2 e-flex e-con-boxed e-con e-parent\" data-id=\"dac04b2\" data-element_type=\"container\" data-e-type=\"container\" data-settings=\"{&quot;jet_parallax_layout_list&quot;:[]}\">\n\t\t\t\t\t<div class=\"e-con-inner\">\n\t\t\t\t<div class=\"elementor-element elementor-element-022ef39 elementor-widget elementor-widget-image\" data-id=\"022ef39\" data-element_type=\"widget\" data-e-type=\"widget\" data-widget_type=\"image.default\">\n\t\t\t\t<div class=\"elementor-widget-container\">\n\t\t\t\t\t\t\t\t\t\t\t\t\t\t\t<img decoding=\"async\" width=\"563\" height=\"434\" src=\"https:\/\/fraternidadmedellin.org\/wp-content\/uploads\/2023\/07\/conectividad-en-las-escuelas-educaci\u0e02n-de-calidad-fundaci\u0e02n-fraternidad-medell\u0e01n.jpg\" class=\"attachment-large size-large wp-image-4196\" alt=\"\" srcset=\"https:\/\/fraternidadmedellin.org\/wp-content\/uploads\/2023\/07\/conectividad-en-las-escuelas-educaci\u0e02n-de-calidad-fundaci\u0e02n-fraternidad-medell\u0e01n.jpg 563w, https:\/\/fraternidadmedellin.org\/wp-content\/uploads\/2023\/07\/conectividad-en-las-escuelas-educaci\u0e02n-de-calidad-fundaci\u0e02n-fraternidad-medell\u0e01n-300x231.jpg 300w\" sizes=\"(max-width: 563px) 100vw, 563px\" \/>\t\t\t\t\t\t\t\t\t\t\t\t\t\t\t<\/div>\n\t\t\t\t<\/div>\n\t\t\t\t\t<\/div>\n\t\t\t\t<\/div>\n\t\t\t\t\t<\/div>\n\t\t\t\t<\/div>\n\t\t\t\t<\/div>\n\t\t<\/div><div class=\"jet-listing-grid__item jet-listing-dynamic-post-3245\" data-post-id=\"3245\"  >\t\t<div data-elementor-type=\"jet-listing-items\" data-elementor-id=\"708\" class=\"elementor elementor-708\" data-elementor-post-type=\"jet-engine\">\n\t\t\t\t<div class=\"elementor-element elementor-element-2eb8329 e-flex e-con-boxed e-con e-parent\" data-id=\"2eb8329\" data-element_type=\"container\" data-e-type=\"container\" data-settings=\"{&quot;background_background&quot;:&quot;classic&quot;,&quot;jet_parallax_layout_list&quot;:[]}\">\n\t\t\t\t\t<div class=\"e-con-inner\">\n\t\t<div class=\"elementor-element elementor-element-5846e57 e-flex e-con-boxed e-con e-parent\" data-id=\"5846e57\" data-element_type=\"container\" data-e-type=\"container\" data-settings=\"{&quot;jet_parallax_layout_list&quot;:[]}\">\n\t\t\t\t\t<div class=\"e-con-inner\">\n\t\t\t\t<div class=\"elementor-element elementor-element-a8fc57b elementor-widget elementor-widget-heading\" data-id=\"a8fc57b\" data-element_type=\"widget\" data-e-type=\"widget\" data-widget_type=\"heading.default\">\n\t\t\t\t<div class=\"elementor-widget-container\">\n\t\t\t\t\t<h2 class=\"elementor-heading-title elementor-size-default\">Alfabetizaci\u00f3n TIC &#8211; ALFATIC\u00a0<\/h2>\t\t\t\t<\/div>\n\t\t\t\t<\/div>\n\t\t\t\t<div class=\"elementor-element elementor-element-1fd4e24 elementor-widget elementor-widget-heading\" data-id=\"1fd4e24\" data-element_type=\"widget\" data-e-type=\"widget\" data-widget_type=\"heading.default\">\n\t\t\t\t<div class=\"elementor-widget-container\">\n\t\t\t\t\t<h2 class=\"elementor-heading-title elementor-size-default\"><p>Busca contribuir al fortalecimiento de habilidades y competencias digitales de docentes, estudiantes y miembros de la comunidad en Instituciones Educativas Rurales de la subregi\u00f3n del oriente antioque\u00f1o, mediante el uso de contenidos, herramientas tecnol\u00f3gicas e internet de alta calidad, fomentando as\u00ed la alfabetizaci\u00f3n digital y aportando al cierre de la brecha digital. En algunos municipios, este programa se desarrolla en alianza con la Fundaci\u00f3n Internet Society (ISOC). <\/p>\n<p><strong>Sedes Educativas 2025:<\/strong> 11 <\/p>\n<p><strong>Municipios 2025:<\/strong> 7 <\/p>\n<p><strong>Estudiantes 2025:<\/strong> 303 <\/p>\n<p><strong>Docentes 2025:<\/strong> 110 <\/p>\n<p><strong>Aliado operador:<\/strong>\u202fCentro de Ciencia y Tecnolog\u00eda de Antioquia - CTA. <\/p>\n<\/h2>\t\t\t\t<\/div>\n\t\t\t\t<\/div>\n\t\t\t\t<div class=\"elementor-element elementor-element-115813c elementor-align-left jedv-enabled--yes elementor-widget elementor-widget-button\" data-id=\"115813c\" data-element_type=\"widget\" data-e-type=\"widget\" data-widget_type=\"button.default\">\n\t\t\t\t<div class=\"elementor-widget-container\">\n\t\t\t\t\t\t\t\t\t<div class=\"elementor-button-wrapper\">\n\t\t\t\t\t<a class=\"elementor-button elementor-button-link elementor-size-sm elementor-animation-pop\" href=\"https:\/\/cta.org.co\/alfabetizacion-tic\/\" target=\"_blank\" rel=\"noopener\">\n\t\t\t\t\t\t<span class=\"elementor-button-content-wrapper\">\n\t\t\t\t\t\t\t\t\t<span class=\"elementor-button-text\">Ver m\u00e1s<\/span>\n\t\t\t\t\t<\/span>\n\t\t\t\t\t<\/a>\n\t\t\t\t<\/div>\n\t\t\t\t\t\t\t\t<\/div>\n\t\t\t\t<\/div>\n\t\t\t\t\t<\/div>\n\t\t\t\t<\/div>\n\t\t<div class=\"elementor-element elementor-element-dac04b2 e-flex e-con-boxed e-con e-parent\" data-id=\"dac04b2\" data-element_type=\"container\" data-e-type=\"container\" data-settings=\"{&quot;jet_parallax_layout_list&quot;:[]}\">\n\t\t\t\t\t<div class=\"e-con-inner\">\n\t\t\t\t<div class=\"elementor-element elementor-element-022ef39 elementor-widget elementor-widget-image\" data-id=\"022ef39\" data-element_type=\"widget\" data-e-type=\"widget\" data-widget_type=\"image.default\">\n\t\t\t\t<div class=\"elementor-widget-container\">\n\t\t\t\t\t\t\t\t\t\t\t\t\t\t\t<img loading=\"lazy\" decoding=\"async\" width=\"563\" height=\"434\" src=\"https:\/\/fraternidadmedellin.org\/wp-content\/uploads\/2023\/07\/ALFATIC-mejoramiento-de-calidad-educativa-fundacion-fraternidad.jpg\" class=\"attachment-large size-large wp-image-1058\" alt=\"\" srcset=\"https:\/\/fraternidadmedellin.org\/wp-content\/uploads\/2023\/07\/ALFATIC-mejoramiento-de-calidad-educativa-fundacion-fraternidad.jpg 563w, https:\/\/fraternidadmedellin.org\/wp-content\/uploads\/2023\/07\/ALFATIC-mejoramiento-de-calidad-educativa-fundacion-fraternidad-300x231.jpg 300w\" sizes=\"(max-width: 563px) 100vw, 563px\" \/>\t\t\t\t\t\t\t\t\t\t\t\t\t\t\t<\/div>\n\t\t\t\t<\/div>\n\t\t\t\t\t<\/div>\n\t\t\t\t<\/div>\n\t\t\t\t\t<\/div>\n\t\t\t\t<\/div>\n\t\t\t\t<\/div>\n\t\t<\/div><div class=\"jet-listing-grid__item jet-listing-dynamic-post-3246\" data-post-id=\"3246\"  >\t\t<div data-elementor-type=\"jet-listing-items\" data-elementor-id=\"708\" class=\"elementor elementor-708\" data-elementor-post-type=\"jet-engine\">\n\t\t\t\t<div class=\"elementor-element elementor-element-2eb8329 e-flex e-con-boxed e-con e-parent\" data-id=\"2eb8329\" data-element_type=\"container\" data-e-type=\"container\" data-settings=\"{&quot;background_background&quot;:&quot;classic&quot;,&quot;jet_parallax_layout_list&quot;:[]}\">\n\t\t\t\t\t<div class=\"e-con-inner\">\n\t\t<div class=\"elementor-element elementor-element-5846e57 e-flex e-con-boxed e-con e-parent\" data-id=\"5846e57\" data-element_type=\"container\" data-e-type=\"container\" data-settings=\"{&quot;jet_parallax_layout_list&quot;:[]}\">\n\t\t\t\t\t<div class=\"e-con-inner\">\n\t\t\t\t<div class=\"elementor-element elementor-element-a8fc57b elementor-widget elementor-widget-heading\" data-id=\"a8fc57b\" data-element_type=\"widget\" data-e-type=\"widget\" data-widget_type=\"heading.default\">\n\t\t\t\t<div class=\"elementor-widget-container\">\n\t\t\t\t\t<h2 class=\"elementor-heading-title elementor-size-default\">Becas ToKando<\/h2>\t\t\t\t<\/div>\n\t\t\t\t<\/div>\n\t\t\t\t<div class=\"elementor-element elementor-element-1fd4e24 elementor-widget elementor-widget-heading\" data-id=\"1fd4e24\" data-element_type=\"widget\" data-e-type=\"widget\" data-widget_type=\"heading.default\">\n\t\t\t\t<div class=\"elementor-widget-container\">\n\t\t\t\t\t<h2 class=\"elementor-heading-title elementor-size-default\"><p>Becas ToKando es un programa que brinda acceso a la educaci\u00f3n musical a ni\u00f1os, ni\u00f1as y j\u00f3venes que se encuentran en situaci\u00f3n de vulnerabilidad social, con el prop\u00f3sito de fortalecer sus habilidades art\u00edsticas y socioemocionales. A trav\u00e9s de la m\u00fasica, promovemos valores como la disciplina, el trabajo en equipo y la perseverancia, impactando positivamente sus vidas y comunidades. <\/p>\n<p>Adem\u00e1s, trabajamos con los docentes para que apropien estrategias de la iniciaci\u00f3n musical que pueden llevar a su pr\u00e1ctica pedag\u00f3gica.<br \/>\n<strong><br \/>\nSedes Educativas 2025:<\/strong> 22 <\/p>\n<p><strong>Municipios 2025:<\/strong> 11 <\/p>\n<p><strong>Estudiantes 2025:<\/strong> 1.000 <\/p>\n<p><strong>Docentes 2025:<\/strong> 30 <\/p>\n<p><strong>Aliado operador:<\/strong>\u202fFundaci\u00f3n Incolmotos Yamaha. <\/p>\n<\/h2>\t\t\t\t<\/div>\n\t\t\t\t<\/div>\n\t\t\t\t<div class=\"elementor-element elementor-element-115813c elementor-align-left jedv-enabled--yes elementor-widget elementor-widget-button\" data-id=\"115813c\" data-element_type=\"widget\" data-e-type=\"widget\" data-widget_type=\"button.default\">\n\t\t\t\t<div class=\"elementor-widget-container\">\n\t\t\t\t\t\t\t\t\t<div class=\"elementor-button-wrapper\">\n\t\t\t\t\t<a class=\"elementor-button elementor-button-link elementor-size-sm elementor-animation-pop\" href=\"https:\/\/www.fundacionincolmotosyamaha.org\/becas-tokando\/\" target=\"_blank\" rel=\"noopener\">\n\t\t\t\t\t\t<span class=\"elementor-button-content-wrapper\">\n\t\t\t\t\t\t\t\t\t<span class=\"elementor-button-text\">Ver m\u00e1s<\/span>\n\t\t\t\t\t<\/span>\n\t\t\t\t\t<\/a>\n\t\t\t\t<\/div>\n\t\t\t\t\t\t\t\t<\/div>\n\t\t\t\t<\/div>\n\t\t\t\t\t<\/div>\n\t\t\t\t<\/div>\n\t\t<div class=\"elementor-element elementor-element-dac04b2 e-flex e-con-boxed e-con e-parent\" data-id=\"dac04b2\" data-element_type=\"container\" data-e-type=\"container\" data-settings=\"{&quot;jet_parallax_layout_list&quot;:[]}\">\n\t\t\t\t\t<div class=\"e-con-inner\">\n\t\t\t\t<div class=\"elementor-element elementor-element-022ef39 elementor-widget elementor-widget-image\" data-id=\"022ef39\" data-element_type=\"widget\" data-e-type=\"widget\" data-widget_type=\"image.default\">\n\t\t\t\t<div class=\"elementor-widget-container\">\n\t\t\t\t\t\t\t\t\t\t\t\t\t\t\t<img loading=\"lazy\" decoding=\"async\" width=\"563\" height=\"434\" src=\"https:\/\/fraternidadmedellin.org\/wp-content\/uploads\/2023\/08\/becas-tokando-educaci\u0e02n-de-calidad-fundaci\u0e02n-fraternidad-medell\u0e01n-1.jpg\" class=\"attachment-large size-large wp-image-4194\" alt=\"\" srcset=\"https:\/\/fraternidadmedellin.org\/wp-content\/uploads\/2023\/08\/becas-tokando-educaci\u0e02n-de-calidad-fundaci\u0e02n-fraternidad-medell\u0e01n-1.jpg 563w, https:\/\/fraternidadmedellin.org\/wp-content\/uploads\/2023\/08\/becas-tokando-educaci\u0e02n-de-calidad-fundaci\u0e02n-fraternidad-medell\u0e01n-1-300x231.jpg 300w\" sizes=\"(max-width: 563px) 100vw, 563px\" \/>\t\t\t\t\t\t\t\t\t\t\t\t\t\t\t<\/div>\n\t\t\t\t<\/div>\n\t\t\t\t\t<\/div>\n\t\t\t\t<\/div>\n\t\t\t\t\t<\/div>\n\t\t\t\t<\/div>\n\t\t\t\t<\/div>\n\t\t<\/div><div class=\"jet-listing-grid__item jet-listing-dynamic-post-3249\" data-post-id=\"3249\"  >\t\t<div data-elementor-type=\"jet-listing-items\" data-elementor-id=\"708\" class=\"elementor elementor-708\" data-elementor-post-type=\"jet-engine\">\n\t\t\t\t<div class=\"elementor-element elementor-element-2eb8329 e-flex e-con-boxed e-con e-parent\" data-id=\"2eb8329\" data-element_type=\"container\" data-e-type=\"container\" data-settings=\"{&quot;background_background&quot;:&quot;classic&quot;,&quot;jet_parallax_layout_list&quot;:[]}\">\n\t\t\t\t\t<div class=\"e-con-inner\">\n\t\t<div class=\"elementor-element elementor-element-5846e57 e-flex e-con-boxed e-con e-parent\" data-id=\"5846e57\" data-element_type=\"container\" data-e-type=\"container\" data-settings=\"{&quot;jet_parallax_layout_list&quot;:[]}\">\n\t\t\t\t\t<div class=\"e-con-inner\">\n\t\t\t\t<div class=\"elementor-element elementor-element-a8fc57b elementor-widget elementor-widget-heading\" data-id=\"a8fc57b\" data-element_type=\"widget\" data-e-type=\"widget\" data-widget_type=\"heading.default\">\n\t\t\t\t<div class=\"elementor-widget-container\">\n\t\t\t\t\t<h2 class=\"elementor-heading-title elementor-size-default\">Centros de Iniciaci\u00f3n y Formaci\u00f3n Deportiva \u2013 CIFD\u00a0<\/h2>\t\t\t\t<\/div>\n\t\t\t\t<\/div>\n\t\t\t\t<div class=\"elementor-element elementor-element-1fd4e24 elementor-widget elementor-widget-heading\" data-id=\"1fd4e24\" data-element_type=\"widget\" data-e-type=\"widget\" data-widget_type=\"heading.default\">\n\t\t\t\t<div class=\"elementor-widget-container\">\n\t\t\t\t\t<h2 class=\"elementor-heading-title elementor-size-default\"><p>Esta iniciativa se implementa en Vig\u00eda del Fuerte y sus corregimientos Buchad\u00f3 y San Antonio de Padua. Busca brindar a los ni\u00f1os, entre los 5 y 15 a\u00f1os, una educaci\u00f3n que integre la formaci\u00f3n en valores, la sana alimentaci\u00f3n y el desarrollo de destrezas a trav\u00e9s de la educaci\u00f3n f\u00edsica. <\/p>\n<p>El programa se desarrolla en tres etapas, en las cuales se trabaja lo deportivo, lo psicosocial, la salud y la nutrici\u00f3n: iniciaci\u00f3n (5 a 9 a\u00f1os), para promover la exploraci\u00f3n de diversas disciplinas deportivas entre las ni\u00f1as y los ni\u00f1os; formaci\u00f3n (9 a 10 a\u00f1os), para empezar a formar a los ni\u00f1os y ni\u00f1as en juegos predeportivos o mini deporte; y \u00e9nfasis (10 a 14 a\u00f1os), donde los ni\u00f1os y ni\u00f1as eligen una disciplina entre f\u00fatbol, atletismo y voleibol. Adem\u00e1s, hay un componente de Talentos, en el que se seleccionan 20 j\u00f3venes destacados en cada disciplina (f\u00fatbol, atletismo y voleibol) para hacer un trabajo m\u00e1s intensivo, ser referentes en el territorio y participar en justas locales, regionales y departamentales.<\/p>\n<p><strong>Sedes Educativas 2025:<\/strong> 3 <\/p>\n<p><strong>Municipios 2025:<\/strong> 1 <\/p>\n<p><strong>Estudiantes 2025: <\/strong>376 <\/p>\n<p><strong>Aliado operador:\u202f<\/strong>Fundaci\u00f3n Greenland<\/p>\n<\/h2>\t\t\t\t<\/div>\n\t\t\t\t<\/div>\n\t\t\t\t\t<\/div>\n\t\t\t\t<\/div>\n\t\t<div class=\"elementor-element elementor-element-dac04b2 e-flex e-con-boxed e-con e-parent\" data-id=\"dac04b2\" data-element_type=\"container\" data-e-type=\"container\" data-settings=\"{&quot;jet_parallax_layout_list&quot;:[]}\">\n\t\t\t\t\t<div class=\"e-con-inner\">\n\t\t\t\t<div class=\"elementor-element elementor-element-022ef39 elementor-widget elementor-widget-image\" data-id=\"022ef39\" data-element_type=\"widget\" data-e-type=\"widget\" data-widget_type=\"image.default\">\n\t\t\t\t<div class=\"elementor-widget-container\">\n\t\t\t\t\t\t\t\t\t\t\t\t\t\t\t<img loading=\"lazy\" decoding=\"async\" width=\"563\" height=\"434\" src=\"https:\/\/fraternidadmedellin.org\/wp-content\/uploads\/2023\/08\/iniciaci\u0e02n-deportiva-educaci\u0e02n-de-calidad-fundaci\u0e02n-fraternidad-medell\u0e01n-1.jpg\" class=\"attachment-large size-large wp-image-4198\" alt=\"\" srcset=\"https:\/\/fraternidadmedellin.org\/wp-content\/uploads\/2023\/08\/iniciaci\u0e02n-deportiva-educaci\u0e02n-de-calidad-fundaci\u0e02n-fraternidad-medell\u0e01n-1.jpg 563w, https:\/\/fraternidadmedellin.org\/wp-content\/uploads\/2023\/08\/iniciaci\u0e02n-deportiva-educaci\u0e02n-de-calidad-fundaci\u0e02n-fraternidad-medell\u0e01n-1-300x231.jpg 300w\" sizes=\"(max-width: 563px) 100vw, 563px\" \/>\t\t\t\t\t\t\t\t\t\t\t\t\t\t\t<\/div>\n\t\t\t\t<\/div>\n\t\t\t\t\t<\/div>\n\t\t\t\t<\/div>\n\t\t\t\t\t<\/div>\n\t\t\t\t<\/div>\n\t\t\t\t<\/div>\n\t\t<\/div><\/div><\/div>\t\t\t\t<\/div>\n\t\t\t\t<\/div>\n\t\t\t\t<div class=\"elementor-element elementor-element-a444479 elementor-align-center elementor-widget elementor-widget-button\" data-id=\"a444479\" data-element_type=\"widget\" data-e-type=\"widget\" id=\"btn-listing-mejoramiento-calidad\" data-widget_type=\"button.default\">\n\t\t\t\t<div class=\"elementor-widget-container\">\n\t\t\t\t\t\t\t\t\t<div class=\"elementor-button-wrapper\">\n\t\t\t\t\t<a class=\"elementor-button elementor-button-link elementor-size-sm elementor-animation-pop\" href=\"#\">\n\t\t\t\t\t\t<span class=\"elementor-button-content-wrapper\">\n\t\t\t\t\t\t\t\t\t<span class=\"elementor-button-text\">Ver todos<\/span>\n\t\t\t\t\t<\/span>\n\t\t\t\t\t<\/a>\n\t\t\t\t<\/div>\n\t\t\t\t\t\t\t\t<\/div>\n\t\t\t\t<\/div>\n\t\t\t\t\t<\/div>\n\t\t\t\t<\/div>\n\t\t\t\t\t<\/div>\n\t\t\t\t<\/div>\n\t\t\t\t<\/div>\n\t\t","protected":false},"excerpt":{"rendered":"<p>Mejoramiento de la Calidad Educativa Sabemos que la educaci\u00f3n es el mejor camino para apoyar el desarrollo de los municipios y el de sus habitantes. Estamos tocando la vida de m\u00e1s de 37 mil personas con los proyectos que llevamos a las sedes educativas. M\u00e1s sue\u00f1os, m\u00e1s oportunidades. Atr\u00e1s Proyectos: Ver todos<\/p>","protected":false},"author":1,"featured_media":0,"parent":18,"menu_order":0,"comment_status":"closed","ping_status":"closed","template":"","meta":{"footnotes":""},"class_list":["post-696","page","type-page","status-publish","hentry"],"publishpress_future_action":{"enabled":false,"date":"2026-05-05 10:22:29","action":"change-status","newStatus":"draft","terms":[],"taxonomy":"","extraData":[]},"publishpress_future_workflow_manual_trigger":{"enabledWorkflows":[]},"_links":{"self":[{"href":"https:\/\/fraternidadmedellin.org\/en\/wp-json\/wp\/v2\/pages\/696","targetHints":{"allow":["GET"]}}],"collection":[{"href":"https:\/\/fraternidadmedellin.org\/en\/wp-json\/wp\/v2\/pages"}],"about":[{"href":"https:\/\/fraternidadmedellin.org\/en\/wp-json\/wp\/v2\/types\/page"}],"author":[{"embeddable":true,"href":"https:\/\/fraternidadmedellin.org\/en\/wp-json\/wp\/v2\/users\/1"}],"replies":[{"embeddable":true,"href":"https:\/\/fraternidadmedellin.org\/en\/wp-json\/wp\/v2\/comments?post=696"}],"version-history":[{"count":95,"href":"https:\/\/fraternidadmedellin.org\/en\/wp-json\/wp\/v2\/pages\/696\/revisions"}],"predecessor-version":[{"id":5085,"href":"https:\/\/fraternidadmedellin.org\/en\/wp-json\/wp\/v2\/pages\/696\/revisions\/5085"}],"up":[{"embeddable":true,"href":"https:\/\/fraternidadmedellin.org\/en\/wp-json\/wp\/v2\/pages\/18"}],"wp:attachment":[{"href":"https:\/\/fraternidadmedellin.org\/en\/wp-json\/wp\/v2\/media?parent=696"}],"curies":[{"name":"wp","href":"https:\/\/api.w.org\/{rel}","templated":true}]}}